{"id":16066,"date":"2023-07-17T09:55:23","date_gmt":"2023-07-17T08:55:23","guid":{"rendered":"https:\/\/www.nautaran.org\/?page_id=16066"},"modified":"2026-04-07T13:17:48","modified_gmt":"2026-04-07T12:17:48","slug":"composicion-naut-aran23-27","status":"publish","type":"page","link":"https:\/\/www.nautaran.org\/ca\/ajuntament\/corporacions-2023-2027\/composicion-naut-aran23-27\/","title":{"rendered":"Composicion Naut Aran 23 &#8211; 27"},"content":{"rendered":"<p>[et_pb_section fb_built=&#8221;1&#8243; _builder_version=&#8221;4.16&#8243; _module_preset=&#8221;default&#8221; use_background_color_gradient=&#8221;on&#8221; background_color_gradient_direction=&#8221;160deg&#8221; background_color_gradient_stops=&#8221;rgba(115,152,198,0.9) 0%|rgba(143,196,109,0.9) 100%&#8221; background_color_gradient_overlays_image=&#8221;on&#8221; background_color_gradient_start=&#8221;rgba(115,152,198,0.9)&#8221; background_color_gradient_end=&#8221;rgba(143,196,109,0.9)&#8221; background_image=&#8221;https:\/\/www.nautaran.org\/wp-content\/uploads\/2020\/10\/corporacion-naut-aran.jpg&#8221; custom_padding=&#8221;5px||13px|||&#8221; global_colors_info=&#8221;{}&#8221;][et_pb_row _builder_version=&#8221;4.16&#8243; _module_preset=&#8221;default&#8221; custom_margin=&#8221;|auto|-10px|auto||&#8221; custom_padding=&#8221;82px||66px|||&#8221; global_colors_info=&#8221;{}&#8221;][et_pb_column type=&#8221;4_4&#8243; _builder_version=&#8221;4.16&#8243; _module_preset=&#8221;default&#8221; global_colors_info=&#8221;{}&#8221;][et_pb_text _builder_version=&#8221;4.20.4&#8243; _module_preset=&#8221;default&#8221; header_text_align=&#8221;center&#8221; header_text_color=&#8221;#ffffff&#8221; header_font_size=&#8221;70px&#8221; header_font_size_tablet=&#8221;50px&#8221; header_font_size_phone=&#8221;35px&#8221; header_font_size_last_edited=&#8221;on|phone&#8221; header_text_shadow_style=&#8221;preset3&#8243; global_colors_info=&#8221;{}&#8221;]<\/p>\n<h1>Composici\u00f3 Naut Aran<\/h1>\n<p>[\/et_pb_text][\/et_pb_column][\/et_pb_row][\/et_pb_section][et_pb_section fb_built=&#8221;1&#8243; _builder_version=&#8221;4.16&#8243; use_background_color_gradient=&#8221;on&#8221; background_color_gradient_stops=&#8221;#ffffff 0%|#efefef 100%&#8221; background_color_gradient_start=&#8221;#ffffff&#8221; background_color_gradient_end=&#8221;#efefef&#8221; background_enable_image=&#8221;off&#8221; custom_margin=&#8221;-3px|||||&#8221; custom_padding=&#8221;47px||22px|||&#8221; global_colors_info=&#8221;{}&#8221;][et_pb_row column_structure=&#8221;1_5,1_5,1_5,1_5,1_5&#8243; _builder_version=&#8221;4.20.4&#8243; _module_preset=&#8221;default&#8221; global_colors_info=&#8221;{}&#8221;][et_pb_column type=&#8221;1_5&#8243; _builder_version=&#8221;4.20.4&#8243; _module_preset=&#8221;default&#8221; global_colors_info=&#8221;{}&#8221;][et_pb_text _builder_version=&#8221;4.20.4&#8243; _module_preset=&#8221;default&#8221; global_colors_info=&#8221;{}&#8221;]<\/p>\n<h3 style=\"text-align: center;\">Cesar Ruiz-Canela Nieto<\/h3>\n<p>[\/et_pb_text][et_pb_image src=&#8221;https:\/\/www.nautaran.org\/wp-content\/uploads\/2023\/10\/CesarRuiz-CanelaNieto_2.jpg&#8221; title_text=&#8221;CesarRuiz-CanelaNieto_2&#8243; _builder_version=&#8221;4.20.4&#8243; _module_preset=&#8221;default&#8221; global_colors_info=&#8221;{}&#8221;][\/et_pb_image][et_pb_text _builder_version=&#8221;4.20.4&#8243; _module_preset=&#8221;default&#8221; text_orientation=&#8221;justified&#8221; hover_enabled=&#8221;0&#8243; global_colors_info=&#8221;{}&#8221; sticky_enabled=&#8221;0&#8243;]<\/p>\n<p style=\"text-align: center;\"><strong>Alcalde<\/strong><\/p>\n<p style=\"text-align: left;\">Governaci\u00f3, Personal, Benestar Social i Assist\u00e8ncia Social, Festes, Joventut, Ramaderia i Coordinaci\u00f3 amb les EMD<\/p>\n<p>[\/et_pb_text][\/et_pb_column][et_pb_column type=&#8221;1_5&#8243; _builder_version=&#8221;4.20.4&#8243; _module_preset=&#8221;default&#8221; global_colors_info=&#8221;{}&#8221;][et_pb_text _builder_version=&#8221;4.20.4&#8243; _module_preset=&#8221;default&#8221; locked=&#8221;off&#8221; global_colors_info=&#8221;{}&#8221;]<\/p>\n<h3 style=\"text-align: center;\">Anna Geli Espa\u00f1a<\/h3>\n<p>[\/et_pb_text][et_pb_image src=&#8221;https:\/\/www.nautaran.org\/wp-content\/uploads\/2023\/10\/AnnaGeliEspana_2.jpg&#8221; title_text=&#8221;AnnaGeliEspa\u00f1a_2&#8243; _builder_version=&#8221;4.20.4&#8243; _module_preset=&#8221;default&#8221; global_colors_info=&#8221;{}&#8221;][\/et_pb_image][et_pb_text _builder_version=&#8221;4.20.4&#8243; _module_preset=&#8221;default&#8221; text_orientation=&#8221;justified&#8221; locked=&#8221;off&#8221; global_colors_info=&#8221;{}&#8221;]<\/p>\n<p style=\"text-align: center;\"><strong>1a Tinenta d\u2019alcalde<\/strong><\/p>\n<p style=\"text-align: left;\">Esports, Turisme, Cultura i Igualtat<\/p>\n<p>[\/et_pb_text][\/et_pb_column][et_pb_column type=&#8221;1_5&#8243; _builder_version=&#8221;4.20.4&#8243; _module_preset=&#8221;default&#8221; global_colors_info=&#8221;{}&#8221;][et_pb_text _builder_version=&#8221;4.20.4&#8243; _module_preset=&#8221;default&#8221; locked=&#8221;off&#8221; global_colors_info=&#8221;{}&#8221;]<\/p>\n<h3 style=\"text-align: center;\">David Torres Alonso<\/h3>\n<p>[\/et_pb_text][et_pb_image src=&#8221;https:\/\/www.nautaran.org\/wp-content\/uploads\/2023\/10\/DavidTorresAlonso_2.jpg&#8221; title_text=&#8221;DavidTorresAlonso_2&#8243; _builder_version=&#8221;4.20.4&#8243; _module_preset=&#8221;default&#8221; global_colors_info=&#8221;{}&#8221;][\/et_pb_image][et_pb_text _builder_version=&#8221;4.20.4&#8243; _module_preset=&#8221;default&#8221; text_orientation=&#8221;justified&#8221; locked=&#8221;off&#8221; global_colors_info=&#8221;{}&#8221;]<\/p>\n<p style=\"text-align: center;\"><strong>2n Tinent d\u2019alcalde<\/strong><\/p>\n<p style=\"text-align: left;\">Urbanisme, Obres i Noves Tecnologies<\/p>\n<p>[\/et_pb_text][\/et_pb_column][et_pb_column type=&#8221;1_5&#8243; _builder_version=&#8221;4.20.4&#8243; _module_preset=&#8221;default&#8221; global_colors_info=&#8221;{}&#8221;][et_pb_text _builder_version=&#8221;4.20.4&#8243; _module_preset=&#8221;default&#8221; locked=&#8221;off&#8221; global_colors_info=&#8221;{}&#8221;]<\/p>\n<h3 style=\"text-align: center;\">Andr\u00e9s Espa\u00f1a Consul<\/h3>\n<p>[\/et_pb_text][et_pb_image src=&#8221;https:\/\/www.nautaran.org\/wp-content\/uploads\/2023\/10\/AndresEspanaConsul_2.jpg&#8221; title_text=&#8221;Andr\u00e9sEspa\u00f1aC\u00f3nsul_2&#8243; _builder_version=&#8221;4.20.4&#8243; _module_preset=&#8221;default&#8221; global_colors_info=&#8221;{}&#8221;][\/et_pb_image][et_pb_text _builder_version=&#8221;4.20.4&#8243; _module_preset=&#8221;default&#8221; text_orientation=&#8221;justified&#8221; locked=&#8221;off&#8221; global_colors_info=&#8221;{}&#8221;]<\/p>\n<p style=\"text-align: center;\"><strong>3r Tinent d\u2019alcalde<\/strong><\/p>\n<p style=\"text-align: left;\">Medi Natural i Forests, Ca\u00e7a i Pesca, Agricultura i Ramaderia, Acci\u00f3 Clim\u00e0tica, Alimentaci\u00f3 i Agenda Rural<\/p>\n<p>[\/et_pb_text][\/et_pb_column][et_pb_column type=&#8221;1_5&#8243; _builder_version=&#8221;4.20.4&#8243; _module_preset=&#8221;default&#8221; global_colors_info=&#8221;{}&#8221;][et_pb_text _builder_version=&#8221;4.20.4&#8243; _module_preset=&#8221;default&#8221; locked=&#8221;off&#8221; global_colors_info=&#8221;{}&#8221;]<\/p>\n<h3 style=\"text-align: center;\">Marcos Amiell Moga<\/h3>\n<p>[\/et_pb_text][et_pb_image src=&#8221;https:\/\/www.nautaran.org\/wp-content\/uploads\/2023\/10\/MarcosAmiellMoga_2.jpg&#8221; title_text=&#8221;MarcosAmiellMoga_2&#8243; _builder_version=&#8221;4.20.4&#8243; _module_preset=&#8221;default&#8221; global_colors_info=&#8221;{}&#8221;][\/et_pb_image][et_pb_text _builder_version=&#8221;4.20.4&#8243; _module_preset=&#8221;default&#8221; text_orientation=&#8221;justified&#8221; locked=&#8221;off&#8221; global_colors_info=&#8221;{}&#8221;]<\/p>\n<p style=\"text-align: center;\"><strong>Regidor Naut Aran<\/strong><\/p>\n<p>Hisenda, Educaci\u00f3 i Ensenyament<\/p>\n<p>[\/et_pb_text][\/et_pb_column][\/et_pb_row][et_pb_row column_structure=&#8221;1_5,1_5,1_5,1_5,1_5&#8243; _builder_version=&#8221;4.20.4&#8243; _module_preset=&#8221;default&#8221; global_colors_info=&#8221;{}&#8221;][et_pb_column type=&#8221;1_5&#8243; _builder_version=&#8221;4.20.4&#8243; _module_preset=&#8221;default&#8221; global_colors_info=&#8221;{}&#8221;][et_pb_text _builder_version=&#8221;4.20.4&#8243; _module_preset=&#8221;default&#8221; locked=&#8221;off&#8221; global_colors_info=&#8221;{}&#8221;]<\/p>\n<h3 style=\"text-align: center;\">Marc Tarrau Leja<\/h3>\n<p>[\/et_pb_text][et_pb_image src=&#8221;https:\/\/www.nautaran.org\/wp-content\/uploads\/2023\/10\/Marc_Tarrau_2-1.jpg&#8221; title_text=&#8221;Marc_Tarrau_2&#8243; _builder_version=&#8221;4.20.4&#8243; _module_preset=&#8221;default&#8221; global_colors_info=&#8221;{}&#8221;][\/et_pb_image][et_pb_text _builder_version=&#8221;4.20.4&#8243; _module_preset=&#8221;default&#8221; text_orientation=&#8221;justified&#8221; locked=&#8221;off&#8221; global_colors_info=&#8221;{}&#8221;]<\/p>\n<p style=\"text-align: center;\"><strong>Regidor Naut Aran<\/strong><\/p>\n<p>[\/et_pb_text][\/et_pb_column][et_pb_column type=&#8221;1_5&#8243; _builder_version=&#8221;4.20.4&#8243; _module_preset=&#8221;default&#8221; global_colors_info=&#8221;{}&#8221;][et_pb_text _builder_version=&#8221;4.20.4&#8243; _module_preset=&#8221;default&#8221; locked=&#8221;off&#8221; global_colors_info=&#8221;{}&#8221;]<\/p>\n<h3 style=\"text-align: center;\">Josep Canut Herraiz<\/h3>\n<p>[\/et_pb_text][et_pb_image src=&#8221;https:\/\/www.nautaran.org\/wp-content\/uploads\/2023\/10\/Josep_Canut_2.jpg&#8221; title_text=&#8221;Josep_Canut_2&#8243; _builder_version=&#8221;4.20.4&#8243; _module_preset=&#8221;default&#8221; global_colors_info=&#8221;{}&#8221;][\/et_pb_image][et_pb_text _builder_version=&#8221;4.20.4&#8243; _module_preset=&#8221;default&#8221; text_orientation=&#8221;justified&#8221; locked=&#8221;off&#8221; global_colors_info=&#8221;{}&#8221;]<\/p>\n<p style=\"text-align: center;\"><strong>Regidor Naut Aran<\/strong><\/p>\n<p>[\/et_pb_text][\/et_pb_column][et_pb_column type=&#8221;1_5&#8243; _builder_version=&#8221;4.20.4&#8243; _module_preset=&#8221;default&#8221; global_colors_info=&#8221;{}&#8221;][et_pb_text _builder_version=&#8221;4.20.4&#8243; _module_preset=&#8221;default&#8221; locked=&#8221;off&#8221; global_colors_info=&#8221;{}&#8221;]<\/p>\n<h3 style=\"text-align: center;\">Edgar Gerotina Mora<\/h3>\n<p>[\/et_pb_text][et_pb_image src=&#8221;https:\/\/www.nautaran.org\/wp-content\/uploads\/2023\/10\/Edgar-Gerotina_2.jpg&#8221; title_text=&#8221;Edgar-Gerotina_2&#8243; _builder_version=&#8221;4.20.4&#8243; _module_preset=&#8221;default&#8221; global_colors_info=&#8221;{}&#8221;][\/et_pb_image][et_pb_text _builder_version=&#8221;4.20.4&#8243; _module_preset=&#8221;default&#8221; text_orientation=&#8221;justified&#8221; locked=&#8221;off&#8221; global_colors_info=&#8221;{}&#8221;]<\/p>\n<p style=\"text-align: center;\"><strong>Regidor Naut Aran<\/strong><\/p>\n<p>[\/et_pb_text][\/et_pb_column][et_pb_column type=&#8221;1_5&#8243; _builder_version=&#8221;4.20.4&#8243; _module_preset=&#8221;default&#8221; global_colors_info=&#8221;{}&#8221;][et_pb_text _builder_version=&#8221;4.20.4&#8243; _module_preset=&#8221;default&#8221; locked=&#8221;off&#8221; global_colors_info=&#8221;{}&#8221;]<\/p>\n<h3 style=\"text-align: center;\">Rosanna Sellart Vives<\/h3>\n<p>[\/et_pb_text][et_pb_image src=&#8221;https:\/\/www.nautaran.org\/wp-content\/uploads\/2023\/10\/Rosanna_2.jpg&#8221; title_text=&#8221;Rosanna_2&#8243; _builder_version=&#8221;4.20.4&#8243; _module_preset=&#8221;default&#8221; global_colors_info=&#8221;{}&#8221;][\/et_pb_image][et_pb_text _builder_version=&#8221;4.20.4&#8243; _module_preset=&#8221;default&#8221; text_orientation=&#8221;justified&#8221; locked=&#8221;off&#8221; global_colors_info=&#8221;{}&#8221;]<\/p>\n<p style=\"text-align: center;\"><strong>Regidora Naut Aran<\/strong><\/p>\n<p>[\/et_pb_text][\/et_pb_column][et_pb_column type=&#8221;1_5&#8243; _builder_version=&#8221;4.20.4&#8243; _module_preset=&#8221;default&#8221; global_colors_info=&#8221;{}&#8221;][et_pb_text _builder_version=&#8221;4.20.4&#8243; _module_preset=&#8221;default&#8221; locked=&#8221;off&#8221; global_colors_info=&#8221;{}&#8221;]<\/p>\n<h3 style=\"text-align: center;\">Mariano Capdevila Noguero<\/h3>\n<p>[\/et_pb_text][et_pb_image src=&#8221;https:\/\/www.nautaran.org\/wp-content\/uploads\/2023\/10\/Mariano_2.jpg&#8221; title_text=&#8221;Mariano_2&#8243; _builder_version=&#8221;4.20.4&#8243; _module_preset=&#8221;default&#8221; global_colors_info=&#8221;{}&#8221;][\/et_pb_image][et_pb_text _builder_version=&#8221;4.20.4&#8243; _module_preset=&#8221;default&#8221; text_orientation=&#8221;justified&#8221; locked=&#8221;off&#8221; global_colors_info=&#8221;{}&#8221;]<\/p>\n<p style=\"text-align: center;\"><strong>Secretari &#8211; interventor\u00a0<\/strong><\/p>\n<p>[\/et_pb_text][\/et_pb_column][\/et_pb_row][\/et_pb_section]<\/p>\n","protected":false},"excerpt":{"rendered":"<p>Composici\u00f3 Naut AranCesar Ruiz-Canela NietoAlcalde Governaci\u00f3, Personal, Benestar Social i Assist\u00e8ncia Social, Festes, Joventut, Ramaderia i Coordinaci\u00f3 amb les EMDAnna Geli Espa\u00f1a1a Tinenta d\u2019alcalde Esports, Turisme, Cultura i IgualtatDavid Torres Alonso2n Tinent d\u2019alcalde Urbanisme, Obres i Noves TecnologiesAndr\u00e9s Espa\u00f1a Consul3r Tinent d\u2019alcalde Medi Natural i Forests, Ca\u00e7a i Pesca, Agricultura i Ramaderia, Acci\u00f3 Clim\u00e0tica, Alimentaci\u00f3 [&hellip;]<\/p>\n","protected":false},"author":6,"featured_media":0,"parent":16020,"menu_order":0,"comment_status":"closed","ping_status":"closed","template":"","meta":{"_acf_changed":false,"_et_pb_use_builder":"on","_et_pb_old_content":"","_et_gb_content_width":"","footnotes":""},"class_list":["post-16066","page","type-page","status-publish","hentry"],"acf":[],"yoast_head":"<!-- This site is optimized with the Yoast SEO plugin v26.8 - https:\/\/yoast.com\/product\/yoast-seo-wordpress\/ -->\n<title>Composicion Naut Aran 23 - 27 - Ajuntament de Naut Aran<\/title>\n<meta name=\"robots\" content=\"index, follow, max-snippet:-1, max-image-preview:large, max-video-preview:-1\" \/>\n<link rel=\"canonical\" href=\"https:\/\/www.nautaran.org\/ca\/ajuntament\/corporacions-2023-2027\/composicion-naut-aran23-27\/\" \/>\n<meta property=\"og:locale\" content=\"ca_ES\" \/>\n<meta property=\"og:type\" content=\"article\" \/>\n<meta property=\"og:title\" content=\"Composicion Naut Aran 23 - 27 - Ajuntament de Naut Aran\" \/>\n<meta property=\"og:description\" content=\"Composici\u00f3 Naut AranCesar Ruiz-Canela NietoAlcalde Governaci\u00f3, Personal, Benestar Social i Assist\u00e8ncia Social, Festes, Joventut, Ramaderia i Coordinaci\u00f3 amb les EMDAnna Geli Espa\u00f1a1a Tinenta d\u2019alcalde Esports, Turisme, Cultura i IgualtatDavid Torres Alonso2n Tinent d\u2019alcalde Urbanisme, Obres i Noves TecnologiesAndr\u00e9s Espa\u00f1a Consul3r Tinent d\u2019alcalde Medi Natural i Forests, Ca\u00e7a i Pesca, Agricultura i Ramaderia, Acci\u00f3 Clim\u00e0tica, Alimentaci\u00f3 [&hellip;]\" \/>\n<meta property=\"og:url\" content=\"https:\/\/www.nautaran.org\/ca\/ajuntament\/corporacions-2023-2027\/composicion-naut-aran23-27\/\" \/>\n<meta property=\"og:site_name\" content=\"Ajuntament de Naut Aran\" \/>\n<meta property=\"article:modified_time\" content=\"2026-04-07T12:17:48+00:00\" \/>\n<meta name=\"twitter:card\" content=\"summary_large_image\" \/>\n<meta name=\"twitter:label1\" content=\"Est. reading time\" \/>\n\t<meta name=\"twitter:data1\" content=\"3 minutes\" \/>\n<script type=\"application\/ld+json\" class=\"yoast-schema-graph\">{\"@context\":\"https:\/\/schema.org\",\"@graph\":[{\"@type\":\"WebPage\",\"@id\":\"https:\/\/www.nautaran.org\/ca\/ajuntament\/corporacions-2023-2027\/composicion-naut-aran23-27\/\",\"url\":\"https:\/\/www.nautaran.org\/ca\/ajuntament\/corporacions-2023-2027\/composicion-naut-aran23-27\/\",\"name\":\"Composicion Naut Aran 23 - 27 - Ajuntament de Naut Aran\",\"isPartOf\":{\"@id\":\"https:\/\/www.nautaran.org\/#website\"},\"datePublished\":\"2023-07-17T08:55:23+00:00\",\"dateModified\":\"2026-04-07T12:17:48+00:00\",\"breadcrumb\":{\"@id\":\"https:\/\/www.nautaran.org\/ca\/ajuntament\/corporacions-2023-2027\/composicion-naut-aran23-27\/#breadcrumb\"},\"inLanguage\":\"ca-ES\",\"potentialAction\":[{\"@type\":\"ReadAction\",\"target\":[\"https:\/\/www.nautaran.org\/ca\/ajuntament\/corporacions-2023-2027\/composicion-naut-aran23-27\/\"]}]},{\"@type\":\"BreadcrumbList\",\"@id\":\"https:\/\/www.nautaran.org\/ca\/ajuntament\/corporacions-2023-2027\/composicion-naut-aran23-27\/#breadcrumb\",\"itemListElement\":[{\"@type\":\"ListItem\",\"position\":1,\"name\":\"Portada\",\"item\":\"https:\/\/www.nautaran.org\/ca\/home-2\/\"},{\"@type\":\"ListItem\",\"position\":2,\"name\":\"Ajuntament\",\"item\":\"https:\/\/www.nautaran.org\/ca\/ajuntament\/\"},{\"@type\":\"ListItem\",\"position\":3,\"name\":\"Corporacions 2023 - 2027\",\"item\":\"https:\/\/www.nautaran.org\/ca\/ajuntament\/corporacions-2023-2027\/\"},{\"@type\":\"ListItem\",\"position\":4,\"name\":\"Composicion Naut Aran 23 - 27\"}]},{\"@type\":\"WebSite\",\"@id\":\"https:\/\/www.nautaran.org\/#website\",\"url\":\"https:\/\/www.nautaran.org\/\",\"name\":\"Ajuntament de Naut Aran\",\"description\":\"Naut Aran\",\"potentialAction\":[{\"@type\":\"SearchAction\",\"target\":{\"@type\":\"EntryPoint\",\"urlTemplate\":\"https:\/\/www.nautaran.org\/?s={search_term_string}\"},\"query-input\":{\"@type\":\"PropertyValueSpecification\",\"valueRequired\":true,\"valueName\":\"search_term_string\"}}],\"inLanguage\":\"ca-ES\"}]}<\/script>\n<!-- \/ Yoast SEO plugin. -->","yoast_head_json":{"title":"Composicion Naut Aran 23 - 27 - Ajuntament de Naut Aran","robots":{"index":"index","follow":"follow","max-snippet":"max-snippet:-1","max-image-preview":"max-image-preview:large","max-video-preview":"max-video-preview:-1"},"canonical":"https:\/\/www.nautaran.org\/ca\/ajuntament\/corporacions-2023-2027\/composicion-naut-aran23-27\/","og_locale":"ca_ES","og_type":"article","og_title":"Composicion Naut Aran 23 - 27 - Ajuntament de Naut Aran","og_description":"Composici\u00f3 Naut AranCesar Ruiz-Canela NietoAlcalde Governaci\u00f3, Personal, Benestar Social i Assist\u00e8ncia Social, Festes, Joventut, Ramaderia i Coordinaci\u00f3 amb les EMDAnna Geli Espa\u00f1a1a Tinenta d\u2019alcalde Esports, Turisme, Cultura i IgualtatDavid Torres Alonso2n Tinent d\u2019alcalde Urbanisme, Obres i Noves TecnologiesAndr\u00e9s Espa\u00f1a Consul3r Tinent d\u2019alcalde Medi Natural i Forests, Ca\u00e7a i Pesca, Agricultura i Ramaderia, Acci\u00f3 Clim\u00e0tica, Alimentaci\u00f3 [&hellip;]","og_url":"https:\/\/www.nautaran.org\/ca\/ajuntament\/corporacions-2023-2027\/composicion-naut-aran23-27\/","og_site_name":"Ajuntament de Naut Aran","article_modified_time":"2026-04-07T12:17:48+00:00","twitter_card":"summary_large_image","twitter_misc":{"Est. reading time":"3 minutes"},"schema":{"@context":"https:\/\/schema.org","@graph":[{"@type":"WebPage","@id":"https:\/\/www.nautaran.org\/ca\/ajuntament\/corporacions-2023-2027\/composicion-naut-aran23-27\/","url":"https:\/\/www.nautaran.org\/ca\/ajuntament\/corporacions-2023-2027\/composicion-naut-aran23-27\/","name":"Composicion Naut Aran 23 - 27 - Ajuntament de Naut Aran","isPartOf":{"@id":"https:\/\/www.nautaran.org\/#website"},"datePublished":"2023-07-17T08:55:23+00:00","dateModified":"2026-04-07T12:17:48+00:00","breadcrumb":{"@id":"https:\/\/www.nautaran.org\/ca\/ajuntament\/corporacions-2023-2027\/composicion-naut-aran23-27\/#breadcrumb"},"inLanguage":"ca-ES","potentialAction":[{"@type":"ReadAction","target":["https:\/\/www.nautaran.org\/ca\/ajuntament\/corporacions-2023-2027\/composicion-naut-aran23-27\/"]}]},{"@type":"BreadcrumbList","@id":"https:\/\/www.nautaran.org\/ca\/ajuntament\/corporacions-2023-2027\/composicion-naut-aran23-27\/#breadcrumb","itemListElement":[{"@type":"ListItem","position":1,"name":"Portada","item":"https:\/\/www.nautaran.org\/ca\/home-2\/"},{"@type":"ListItem","position":2,"name":"Ajuntament","item":"https:\/\/www.nautaran.org\/ca\/ajuntament\/"},{"@type":"ListItem","position":3,"name":"Corporacions 2023 - 2027","item":"https:\/\/www.nautaran.org\/ca\/ajuntament\/corporacions-2023-2027\/"},{"@type":"ListItem","position":4,"name":"Composicion Naut Aran 23 - 27"}]},{"@type":"WebSite","@id":"https:\/\/www.nautaran.org\/#website","url":"https:\/\/www.nautaran.org\/","name":"Ajuntament de Naut Aran","description":"Naut Aran","potentialAction":[{"@type":"SearchAction","target":{"@type":"EntryPoint","urlTemplate":"https:\/\/www.nautaran.org\/?s={search_term_string}"},"query-input":{"@type":"PropertyValueSpecification","valueRequired":true,"valueName":"search_term_string"}}],"inLanguage":"ca-ES"}]}},"_links":{"self":[{"href":"https:\/\/www.nautaran.org\/ca\/wp-json\/wp\/v2\/pages\/16066","targetHints":{"allow":["GET"]}}],"collection":[{"href":"https:\/\/www.nautaran.org\/ca\/wp-json\/wp\/v2\/pages"}],"about":[{"href":"https:\/\/www.nautaran.org\/ca\/wp-json\/wp\/v2\/types\/page"}],"author":[{"embeddable":true,"href":"https:\/\/www.nautaran.org\/ca\/wp-json\/wp\/v2\/users\/6"}],"replies":[{"embeddable":true,"href":"https:\/\/www.nautaran.org\/ca\/wp-json\/wp\/v2\/comments?post=16066"}],"version-history":[{"count":25,"href":"https:\/\/www.nautaran.org\/ca\/wp-json\/wp\/v2\/pages\/16066\/revisions"}],"predecessor-version":[{"id":25866,"href":"https:\/\/www.nautaran.org\/ca\/wp-json\/wp\/v2\/pages\/16066\/revisions\/25866"}],"up":[{"embeddable":true,"href":"https:\/\/www.nautaran.org\/ca\/wp-json\/wp\/v2\/pages\/16020"}],"wp:attachment":[{"href":"https:\/\/www.nautaran.org\/ca\/wp-json\/wp\/v2\/media?parent=16066"}],"curies":[{"name":"wp","href":"https:\/\/api.w.org\/{rel}","templated":true}]}}