{"id":24351,"date":"2025-09-25T11:42:24","date_gmt":"2025-09-25T10:42:24","guid":{"rendered":"https:\/\/www.nautaran.org\/?page_id=24351"},"modified":"2025-09-25T12:16:29","modified_gmt":"2025-09-25T11:16:29","slug":"sala-social-de-salardu","status":"publish","type":"page","link":"https:\/\/www.nautaran.org\/ca\/servicis\/accessi-equipaments-municipaus\/sala-social-de-salardu\/","title":{"rendered":"Sala Social de Salard\u00fa"},"content":{"rendered":"<p>[et_pb_section fb_built=&#8221;1&#8243; _builder_version=&#8221;4.19.4&#8243; _module_preset=&#8221;default&#8221; use_background_color_gradient=&#8221;on&#8221; background_color_gradient_direction=&#8221;160deg&#8221; background_color_gradient_stops=&#8221;rgba(115,152,198,0.79) 0%|rgba(143,196,109,0.77) 100%&#8221; background_color_gradient_overlays_image=&#8221;on&#8221; background_color_gradient_start=&#8221;rgba(115,152,198,0.79)&#8221; background_color_gradient_end=&#8221;rgba(143,196,109,0.77)&#8221; background_image=&#8221;https:\/\/www.nautaran.org\/wp-content\/uploads\/2020\/10\/carta-baile.jpg&#8221; custom_padding=&#8221;5px||13px|||&#8221; global_colors_info=&#8221;{}&#8221;][et_pb_row _builder_version=&#8221;4.16&#8243; _module_preset=&#8221;default&#8221; custom_margin=&#8221;|auto|-10px|auto||&#8221; custom_padding=&#8221;82px||66px|||&#8221; global_colors_info=&#8221;{}&#8221;][et_pb_column type=&#8221;4_4&#8243; _builder_version=&#8221;4.16&#8243; _module_preset=&#8221;default&#8221; global_colors_info=&#8221;{}&#8221;][et_pb_text _builder_version=&#8221;4.20.4&#8243; _module_preset=&#8221;default&#8221; header_text_align=&#8221;center&#8221; header_text_color=&#8221;#ffffff&#8221; header_font_size=&#8221;50px&#8221; header_font_size_tablet=&#8221;50px&#8221; header_font_size_phone=&#8221;35px&#8221; header_font_size_last_edited=&#8221;on|phone&#8221; header_text_shadow_style=&#8221;preset3&#8243; global_colors_info=&#8221;{}&#8221;]<\/p>\n<h1>Reserva la sala Social de Salard\u00fa<\/h1>\n<p>[\/et_pb_text][\/et_pb_column][\/et_pb_row][\/et_pb_section][et_pb_section fb_built=&#8221;1&#8243; _builder_version=&#8221;4.16&#8243; _module_preset=&#8221;default&#8221; background_color=&#8221;#efefef&#8221; custom_padding=&#8221;30px||60px|||&#8221; global_colors_info=&#8221;{}&#8221;][et_pb_row column_structure=&#8221;1_2,1_2&#8243; make_equal=&#8221;on&#8221; _builder_version=&#8221;4.16&#8243; _module_preset=&#8221;default&#8221; background_enable_color=&#8221;off&#8221; custom_padding=&#8221;||0px|||&#8221; global_colors_info=&#8221;{}&#8221;][et_pb_column type=&#8221;1_2&#8243; _builder_version=&#8221;4.16&#8243; _module_preset=&#8221;default&#8221; background_color=&#8221;#ffffff&#8221; custom_padding=&#8221;30px|30px|30px|30px|false|false&#8221; global_colors_info=&#8221;{}&#8221;][et_pb_text _builder_version=&#8221;4.19.4&#8243; _module_preset=&#8221;default&#8221; custom_margin=&#8221;20px||||false|false&#8221; global_colors_info=&#8221;{}&#8221;]<\/p>\n<p><b style=\"color: #d52430; font-size: 29px; font-family: Roboto, Helvetica, Arial, Lucida, sans-serif;\">Horaris de reserva de la sala:<\/b><\/p>\n<p>Tots els dies de 08:00 a 22:00 hores.<\/p>\n<p>[\/et_pb_text][et_pb_text _builder_version=&#8221;4.19.4&#8243; _module_preset=&#8221;default&#8221; custom_margin=&#8221;20px||||false|false&#8221; custom_padding=&#8221;||0px|||&#8221; global_colors_info=&#8221;{}&#8221;]<\/p>\n<p>La nova norvativa es regir\u00e0 per les seg\u00fcents normes:<\/p>\n<ul>\n<li>Nomes els habitants empedronats al municipi de Naut Aran podr\u00e0n reservar la Sala.\u00a0<\/li>\n<li>Obertura de 08:00 a 23:00 hores amb reserva.<\/li>\n<\/ul>\n<p>&nbsp;<\/p>\n<p>[\/et_pb_text][\/et_pb_column][et_pb_column type=&#8221;1_2&#8243; _builder_version=&#8221;4.16&#8243; _module_preset=&#8221;default&#8221; global_colors_info=&#8221;{}&#8221;][et_pb_image src=&#8221;https:\/\/www.nautaran.org\/wp-content\/uploads\/2023\/04\/Logo-Escut_NautAran2021.png&#8221; title_text=&#8221;Logo-Escut_NautAran2021&#8243; show_in_lightbox=&#8221;on&#8221; align=&#8221;center&#8221; _builder_version=&#8221;4.19.4&#8243; _module_preset=&#8221;default&#8221; global_colors_info=&#8221;{}&#8221;][\/et_pb_image][\/et_pb_column][\/et_pb_row][\/et_pb_section][et_pb_section fb_built=&#8221;1&#8243; _builder_version=&#8221;4.16&#8243; _module_preset=&#8221;default&#8221; background_color=&#8221;#ffffff&#8221; custom_padding=&#8221;0px||31px|||&#8221; global_colors_info=&#8221;{}&#8221;][et_pb_row _builder_version=&#8221;4.17.6&#8243; _module_preset=&#8221;default&#8221; global_colors_info=&#8221;{}&#8221;][et_pb_column type=&#8221;4_4&#8243; _builder_version=&#8221;4.16&#8243; _module_preset=&#8221;default&#8221; global_colors_info=&#8221;{}&#8221;][et_pb_text _builder_version=&#8221;4.20.4&#8243; _module_preset=&#8221;default&#8221; hover_enabled=&#8221;0&#8243; global_colors_info=&#8221;{}&#8221; sticky_enabled=&#8221;0&#8243;]<\/p>\n<h5>Com pots reservar la Sala Social de Salard\u00fa?<\/h5>\n<h5>Aquets s\u00f2n els passos a seguir:<\/h5>\n<p>[\/et_pb_text][\/et_pb_column][\/et_pb_row][\/et_pb_section][et_pb_section fb_built=&#8221;1&#8243; _builder_version=&#8221;4.16&#8243; _module_preset=&#8221;default&#8221; background_color=&#8221;#ffffff&#8221; custom_padding=&#8221;0px||31px|||&#8221; global_colors_info=&#8221;{}&#8221;][et_pb_row column_structure=&#8221;1_3,1_3,1_3&#8243; _builder_version=&#8221;4.16&#8243; _module_preset=&#8221;default&#8221; global_colors_info=&#8221;{}&#8221;][et_pb_column type=&#8221;1_3&#8243; _builder_version=&#8221;4.16&#8243; _module_preset=&#8221;default&#8221; global_colors_info=&#8221;{}&#8221;][et_pb_text _builder_version=&#8221;4.20.4&#8243; _module_preset=&#8221;default&#8221; global_colors_info=&#8221;{}&#8221;]<\/p>\n<h3 style=\"text-align: center;\">Registrat<\/h3>\n<p>Podeu registrar-vos a la NOVA App de equipaments de Naut Aran fent clic en aquest enlla\u00e7 <a title=\"Registre Equipaments Naut Aran\" href=\"https:\/\/equipamentsnautaran.org\/registre\"><strong>Registre<\/strong> <strong>Equipaments Naut Aran<\/strong><\/a> o podeu escanejar el seg\u00fcent c\u00f2di QR:<\/p>\n<p><a href=\"https:\/\/www.nautaran.org\/wp-content\/uploads\/2025\/02\/REGISTRE_qr-code-300x300-1.png\"><img loading=\"lazy\" decoding=\"async\" class=\"wp-image-22453 aligncenter size-full\" src=\"https:\/\/www.nautaran.org\/wp-content\/uploads\/2025\/02\/REGISTRE_qr-code-300x300-1.png\" alt=\"\" width=\"300\" height=\"300\" srcset=\"https:\/\/www.nautaran.org\/wp-content\/uploads\/2025\/02\/REGISTRE_qr-code-300x300-1.png 300w, https:\/\/www.nautaran.org\/wp-content\/uploads\/2025\/02\/REGISTRE_qr-code-300x300-1-150x150.png 150w\" sizes=\"auto, (max-width: 300px) 100vw, 300px\" \/><\/a><\/p>\n<p>&nbsp;<\/p>\n<h5 style=\"text-align: center;\"><a href=\"https:\/\/www.nautaran.org\/wp-content\/uploads\/2023\/04\/Reserva_Sala_Cultural.pdf\">Podeu descarregar el MANUAL desde aqui.<\/a><\/h5>\n<p>&nbsp;<\/p>\n<p>[\/et_pb_text][\/et_pb_column][et_pb_column type=&#8221;1_3&#8243; _builder_version=&#8221;4.16&#8243; _module_preset=&#8221;default&#8221; global_colors_info=&#8221;{}&#8221;][et_pb_text _builder_version=&#8221;4.20.4&#8243; _module_preset=&#8221;default&#8221; global_colors_info=&#8221;{}&#8221;]<\/p>\n<h3 style=\"text-align: center;\">No et quedis sense poder reservar!<\/h3>\n<h3 style=\"text-align: center;\">Descarrega&#8217;t la APP desde Aqu\u00ed<\/h3>\n<h3>\u00a0<\/h3>\n<h3 style=\"text-align: center;\"><a href=\"https:\/\/www.nautaran.org\/wp-content\/uploads\/2022\/04\/logo_apple_200x100.png\"><img loading=\"lazy\" decoding=\"async\" class=\"wp-image-10884 aligncenter size-full\" src=\"https:\/\/www.nautaran.org\/wp-content\/uploads\/2022\/04\/logo_apple_200x100.png\" alt=\"\" width=\"128\" height=\"38\" \/><\/a><\/h3>\n<p><a href=\"https:\/\/www.nautaran.org\/wp-content\/uploads\/2025\/02\/APPLE_qr-code-1-300x300-1.png\"><img loading=\"lazy\" decoding=\"async\" class=\"wp-image-22450 aligncenter size-full\" src=\"https:\/\/www.nautaran.org\/wp-content\/uploads\/2025\/02\/APPLE_qr-code-1-300x300-1.png\" alt=\"\" width=\"300\" height=\"300\" srcset=\"https:\/\/www.nautaran.org\/wp-content\/uploads\/2025\/02\/APPLE_qr-code-1-300x300-1.png 300w, https:\/\/www.nautaran.org\/wp-content\/uploads\/2025\/02\/APPLE_qr-code-1-300x300-1-150x150.png 150w\" sizes=\"auto, (max-width: 300px) 100vw, 300px\" \/><\/a><\/p>\n<h3 style=\"text-align: center;\">\u00a0<\/h3>\n<p style=\"text-align: center;\">o fes click sobre el seg\u00fcent enlla\u00e7:<\/p>\n<p style=\"text-align: center;\"><strong><a href=\"https:\/\/apps.apple.com\/es\/app\/naut-aran\/id1664760964\">App Apple Equipaments Naut Aran<\/a><\/strong><\/p>\n<p>[\/et_pb_text][\/et_pb_column][et_pb_column type=&#8221;1_3&#8243; _builder_version=&#8221;4.16&#8243; _module_preset=&#8221;default&#8221; global_colors_info=&#8221;{}&#8221;][et_pb_text _builder_version=&#8221;4.20.4&#8243; _module_preset=&#8221;default&#8221; global_colors_info=&#8221;{}&#8221;]<\/p>\n<h3 style=\"text-align: center;\">No et quedis sense poder reservar!<\/h3>\n<h3 style=\"text-align: center;\">Descarrega&#8217;t la APP desde Aqu\u00ed<\/h3>\n<h3>\u00a0<\/h3>\n<h3 style=\"text-align: center;\"><a href=\"https:\/\/www.nautaran.org\/wp-content\/uploads\/2022\/04\/logo_android_200x100.png\"><img loading=\"lazy\" decoding=\"async\" class=\"wp-image-10869 aligncenter size-full\" src=\"https:\/\/www.nautaran.org\/wp-content\/uploads\/2022\/04\/logo_android_200x100.png\" alt=\"\" width=\"128\" height=\"38\" \/><\/a><\/h3>\n<p><a href=\"https:\/\/www.nautaran.org\/wp-content\/uploads\/2025\/02\/android_qr-300x300-1.png\"><img loading=\"lazy\" decoding=\"async\" class=\"wp-image-22447 aligncenter size-full\" src=\"https:\/\/www.nautaran.org\/wp-content\/uploads\/2025\/02\/android_qr-300x300-1.png\" alt=\"\" width=\"300\" height=\"300\" srcset=\"https:\/\/www.nautaran.org\/wp-content\/uploads\/2025\/02\/android_qr-300x300-1.png 300w, https:\/\/www.nautaran.org\/wp-content\/uploads\/2025\/02\/android_qr-300x300-1-150x150.png 150w\" sizes=\"auto, (max-width: 300px) 100vw, 300px\" \/><\/a><\/p>\n<h3 style=\"text-align: center;\">\u00a0<\/h3>\n<p style=\"text-align: center;\">o fes click sobre el seg\u00fcent enlla\u00e7:<\/p>\n<p style=\"text-align: center;\"><strong><a href=\"https:\/\/play.google.com\/store\/apps\/details?id=com.kmp.tankuamajunautaran\">App Android Equipaments Naut Aran<\/a><\/strong><\/p>\n<p>[\/et_pb_text][\/et_pb_column][\/et_pb_row][\/et_pb_section]<\/p>\n","protected":false},"excerpt":{"rendered":"<p>Reserva la sala Social de Salard\u00faHoraris de reserva de la sala: Tots els dies de 08:00 a 22:00 hores.La nova norvativa es regir\u00e0 per les seg\u00fcents normes: Nomes els habitants empedronats al municipi de Naut Aran podr\u00e0n reservar la Sala.\u00a0 Obertura de 08:00 a 23:00 hores amb reserva. &nbsp;Com pots reservar la Sala Social de [&hellip;]<\/p>\n","protected":false},"author":6,"featured_media":0,"parent":14842,"menu_order":0,"comment_status":"closed","ping_status":"closed","template":"","meta":{"_acf_changed":false,"_et_pb_use_builder":"on","_et_pb_old_content":"","_et_gb_content_width":"","footnotes":""},"class_list":["post-24351","page","type-page","status-publish","hentry"],"acf":[],"yoast_head":"<!-- This site is optimized with the Yoast SEO plugin v26.8 - https:\/\/yoast.com\/product\/yoast-seo-wordpress\/ -->\n<title>Sala Social de Salard\u00fa - Ajuntament de Naut Aran<\/title>\n<meta name=\"robots\" content=\"index, follow, max-snippet:-1, max-image-preview:large, max-video-preview:-1\" \/>\n<link rel=\"canonical\" href=\"https:\/\/www.nautaran.org\/ca\/servicis\/accessi-equipaments-municipaus\/sala-social-de-salardu\/\" \/>\n<meta property=\"og:locale\" content=\"ca_ES\" \/>\n<meta property=\"og:type\" content=\"article\" \/>\n<meta property=\"og:title\" content=\"Sala Social de Salard\u00fa - Ajuntament de Naut Aran\" \/>\n<meta property=\"og:description\" content=\"Reserva la sala Social de Salard\u00faHoraris de reserva de la sala: Tots els dies de 08:00 a 22:00 hores.La nova norvativa es regir\u00e0 per les seg\u00fcents normes: Nomes els habitants empedronats al municipi de Naut Aran podr\u00e0n reservar la Sala.\u00a0 Obertura de 08:00 a 23:00 hores amb reserva. &nbsp;Com pots reservar la Sala Social de [&hellip;]\" \/>\n<meta property=\"og:url\" content=\"https:\/\/www.nautaran.org\/ca\/servicis\/accessi-equipaments-municipaus\/sala-social-de-salardu\/\" \/>\n<meta property=\"og:site_name\" content=\"Ajuntament de Naut Aran\" \/>\n<meta property=\"article:modified_time\" content=\"2025-09-25T11:16:29+00:00\" \/>\n<meta property=\"og:image\" content=\"https:\/\/www.nautaran.org\/wp-content\/uploads\/2025\/02\/REGISTRE_qr-code-300x300-1.png\" \/>\n<meta name=\"twitter:card\" content=\"summary_large_image\" \/>\n<meta name=\"twitter:label1\" content=\"Est. reading time\" \/>\n\t<meta name=\"twitter:data1\" content=\"3 minutes\" \/>\n<script type=\"application\/ld+json\" class=\"yoast-schema-graph\">{\"@context\":\"https:\/\/schema.org\",\"@graph\":[{\"@type\":\"WebPage\",\"@id\":\"https:\/\/www.nautaran.org\/ca\/servicis\/accessi-equipaments-municipaus\/sala-social-de-salardu\/\",\"url\":\"https:\/\/www.nautaran.org\/ca\/servicis\/accessi-equipaments-municipaus\/sala-social-de-salardu\/\",\"name\":\"Sala Social de Salard\u00fa - Ajuntament de Naut Aran\",\"isPartOf\":{\"@id\":\"https:\/\/www.nautaran.org\/#website\"},\"primaryImageOfPage\":{\"@id\":\"https:\/\/www.nautaran.org\/ca\/servicis\/accessi-equipaments-municipaus\/sala-social-de-salardu\/#primaryimage\"},\"image\":{\"@id\":\"https:\/\/www.nautaran.org\/ca\/servicis\/accessi-equipaments-municipaus\/sala-social-de-salardu\/#primaryimage\"},\"thumbnailUrl\":\"https:\/\/www.nautaran.org\/wp-content\/uploads\/2025\/02\/REGISTRE_qr-code-300x300-1.png\",\"datePublished\":\"2025-09-25T10:42:24+00:00\",\"dateModified\":\"2025-09-25T11:16:29+00:00\",\"breadcrumb\":{\"@id\":\"https:\/\/www.nautaran.org\/ca\/servicis\/accessi-equipaments-municipaus\/sala-social-de-salardu\/#breadcrumb\"},\"inLanguage\":\"ca-ES\",\"potentialAction\":[{\"@type\":\"ReadAction\",\"target\":[\"https:\/\/www.nautaran.org\/ca\/servicis\/accessi-equipaments-municipaus\/sala-social-de-salardu\/\"]}]},{\"@type\":\"ImageObject\",\"inLanguage\":\"ca-ES\",\"@id\":\"https:\/\/www.nautaran.org\/ca\/servicis\/accessi-equipaments-municipaus\/sala-social-de-salardu\/#primaryimage\",\"url\":\"https:\/\/www.nautaran.org\/wp-content\/uploads\/2025\/02\/REGISTRE_qr-code-300x300-1.png\",\"contentUrl\":\"https:\/\/www.nautaran.org\/wp-content\/uploads\/2025\/02\/REGISTRE_qr-code-300x300-1.png\"},{\"@type\":\"BreadcrumbList\",\"@id\":\"https:\/\/www.nautaran.org\/ca\/servicis\/accessi-equipaments-municipaus\/sala-social-de-salardu\/#breadcrumb\",\"itemListElement\":[{\"@type\":\"ListItem\",\"position\":1,\"name\":\"Portada\",\"item\":\"https:\/\/www.nautaran.org\/ca\/home-2\/\"},{\"@type\":\"ListItem\",\"position\":2,\"name\":\"Servicis\",\"item\":\"https:\/\/www.nautaran.org\/ca\/servicis\/\"},{\"@type\":\"ListItem\",\"position\":3,\"name\":\"Accesos Equipaments Municipaus\",\"item\":\"https:\/\/www.nautaran.org\/ca\/servicis\/accessi-equipaments-municipaus\/\"},{\"@type\":\"ListItem\",\"position\":4,\"name\":\"Sala Social de Salard\u00fa\"}]},{\"@type\":\"WebSite\",\"@id\":\"https:\/\/www.nautaran.org\/#website\",\"url\":\"https:\/\/www.nautaran.org\/\",\"name\":\"Ajuntament de Naut Aran\",\"description\":\"Naut Aran\",\"potentialAction\":[{\"@type\":\"SearchAction\",\"target\":{\"@type\":\"EntryPoint\",\"urlTemplate\":\"https:\/\/www.nautaran.org\/?s={search_term_string}\"},\"query-input\":{\"@type\":\"PropertyValueSpecification\",\"valueRequired\":true,\"valueName\":\"search_term_string\"}}],\"inLanguage\":\"ca-ES\"}]}<\/script>\n<!-- \/ Yoast SEO plugin. -->","yoast_head_json":{"title":"Sala Social de Salard\u00fa - Ajuntament de Naut Aran","robots":{"index":"index","follow":"follow","max-snippet":"max-snippet:-1","max-image-preview":"max-image-preview:large","max-video-preview":"max-video-preview:-1"},"canonical":"https:\/\/www.nautaran.org\/ca\/servicis\/accessi-equipaments-municipaus\/sala-social-de-salardu\/","og_locale":"ca_ES","og_type":"article","og_title":"Sala Social de Salard\u00fa - Ajuntament de Naut Aran","og_description":"Reserva la sala Social de Salard\u00faHoraris de reserva de la sala: Tots els dies de 08:00 a 22:00 hores.La nova norvativa es regir\u00e0 per les seg\u00fcents normes: Nomes els habitants empedronats al municipi de Naut Aran podr\u00e0n reservar la Sala.\u00a0 Obertura de 08:00 a 23:00 hores amb reserva. &nbsp;Com pots reservar la Sala Social de [&hellip;]","og_url":"https:\/\/www.nautaran.org\/ca\/servicis\/accessi-equipaments-municipaus\/sala-social-de-salardu\/","og_site_name":"Ajuntament de Naut Aran","article_modified_time":"2025-09-25T11:16:29+00:00","og_image":[{"url":"https:\/\/www.nautaran.org\/wp-content\/uploads\/2025\/02\/REGISTRE_qr-code-300x300-1.png","type":"","width":"","height":""}],"twitter_card":"summary_large_image","twitter_misc":{"Est. reading time":"3 minutes"},"schema":{"@context":"https:\/\/schema.org","@graph":[{"@type":"WebPage","@id":"https:\/\/www.nautaran.org\/ca\/servicis\/accessi-equipaments-municipaus\/sala-social-de-salardu\/","url":"https:\/\/www.nautaran.org\/ca\/servicis\/accessi-equipaments-municipaus\/sala-social-de-salardu\/","name":"Sala Social de Salard\u00fa - Ajuntament de Naut Aran","isPartOf":{"@id":"https:\/\/www.nautaran.org\/#website"},"primaryImageOfPage":{"@id":"https:\/\/www.nautaran.org\/ca\/servicis\/accessi-equipaments-municipaus\/sala-social-de-salardu\/#primaryimage"},"image":{"@id":"https:\/\/www.nautaran.org\/ca\/servicis\/accessi-equipaments-municipaus\/sala-social-de-salardu\/#primaryimage"},"thumbnailUrl":"https:\/\/www.nautaran.org\/wp-content\/uploads\/2025\/02\/REGISTRE_qr-code-300x300-1.png","datePublished":"2025-09-25T10:42:24+00:00","dateModified":"2025-09-25T11:16:29+00:00","breadcrumb":{"@id":"https:\/\/www.nautaran.org\/ca\/servicis\/accessi-equipaments-municipaus\/sala-social-de-salardu\/#breadcrumb"},"inLanguage":"ca-ES","potentialAction":[{"@type":"ReadAction","target":["https:\/\/www.nautaran.org\/ca\/servicis\/accessi-equipaments-municipaus\/sala-social-de-salardu\/"]}]},{"@type":"ImageObject","inLanguage":"ca-ES","@id":"https:\/\/www.nautaran.org\/ca\/servicis\/accessi-equipaments-municipaus\/sala-social-de-salardu\/#primaryimage","url":"https:\/\/www.nautaran.org\/wp-content\/uploads\/2025\/02\/REGISTRE_qr-code-300x300-1.png","contentUrl":"https:\/\/www.nautaran.org\/wp-content\/uploads\/2025\/02\/REGISTRE_qr-code-300x300-1.png"},{"@type":"BreadcrumbList","@id":"https:\/\/www.nautaran.org\/ca\/servicis\/accessi-equipaments-municipaus\/sala-social-de-salardu\/#breadcrumb","itemListElement":[{"@type":"ListItem","position":1,"name":"Portada","item":"https:\/\/www.nautaran.org\/ca\/home-2\/"},{"@type":"ListItem","position":2,"name":"Servicis","item":"https:\/\/www.nautaran.org\/ca\/servicis\/"},{"@type":"ListItem","position":3,"name":"Accesos Equipaments Municipaus","item":"https:\/\/www.nautaran.org\/ca\/servicis\/accessi-equipaments-municipaus\/"},{"@type":"ListItem","position":4,"name":"Sala Social de Salard\u00fa"}]},{"@type":"WebSite","@id":"https:\/\/www.nautaran.org\/#website","url":"https:\/\/www.nautaran.org\/","name":"Ajuntament de Naut Aran","description":"Naut Aran","potentialAction":[{"@type":"SearchAction","target":{"@type":"EntryPoint","urlTemplate":"https:\/\/www.nautaran.org\/?s={search_term_string}"},"query-input":{"@type":"PropertyValueSpecification","valueRequired":true,"valueName":"search_term_string"}}],"inLanguage":"ca-ES"}]}},"_links":{"self":[{"href":"https:\/\/www.nautaran.org\/ca\/wp-json\/wp\/v2\/pages\/24351","targetHints":{"allow":["GET"]}}],"collection":[{"href":"https:\/\/www.nautaran.org\/ca\/wp-json\/wp\/v2\/pages"}],"about":[{"href":"https:\/\/www.nautaran.org\/ca\/wp-json\/wp\/v2\/types\/page"}],"author":[{"embeddable":true,"href":"https:\/\/www.nautaran.org\/ca\/wp-json\/wp\/v2\/users\/6"}],"replies":[{"embeddable":true,"href":"https:\/\/www.nautaran.org\/ca\/wp-json\/wp\/v2\/comments?post=24351"}],"version-history":[{"count":4,"href":"https:\/\/www.nautaran.org\/ca\/wp-json\/wp\/v2\/pages\/24351\/revisions"}],"predecessor-version":[{"id":24408,"href":"https:\/\/www.nautaran.org\/ca\/wp-json\/wp\/v2\/pages\/24351\/revisions\/24408"}],"up":[{"embeddable":true,"href":"https:\/\/www.nautaran.org\/ca\/wp-json\/wp\/v2\/pages\/14842"}],"wp:attachment":[{"href":"https:\/\/www.nautaran.org\/ca\/wp-json\/wp\/v2\/media?parent=24351"}],"curies":[{"name":"wp","href":"https:\/\/api.w.org\/{rel}","templated":true}]}}