{"id":15705,"date":"2023-07-04T11:53:05","date_gmt":"2023-07-04T10:53:05","guid":{"rendered":"https:\/\/www.nautaran.org\/?page_id=15705"},"modified":"2023-07-23T23:03:42","modified_gmt":"2023-07-23T22:03:42","slug":"elecciones-generales-23-julio-2023","status":"publish","type":"page","link":"https:\/\/www.nautaran.org\/es\/naut-aran\/eleccions\/elecciones-generales-23-julio-2023\/","title":{"rendered":"Elecciones Generales 23 julio 2023"},"content":{"rendered":"<p>[et_pb_section fb_built=\u00bb1&#8243; _builder_version=\u00bb4.16&#8243; _module_preset=\u00bbdefault\u00bb use_background_color_gradient=\u00bbon\u00bb background_color_gradient_direction=\u00bb160deg\u00bb background_color_gradient_stops=\u00bbrgba(115,152,198,0.79) 0%|rgba(143,196,109,0.77) 100%\u00bb background_color_gradient_overlays_image=\u00bbon\u00bb background_color_gradient_start=\u00bbrgba(115,152,198,0.79)\u00bb background_color_gradient_end=\u00bbrgba(143,196,109,0.77)\u00bb background_image=\u00bbhttps:\/\/www.nautaran.org\/wp-content\/uploads\/2021\/01\/crayons-1209804_1920.jpg\u00bb custom_padding=\u00bb5px||13px|||\u00bb global_colors_info=\u00bb{}\u00bb][et_pb_row _builder_version=\u00bb4.16&#8243; _module_preset=\u00bbdefault\u00bb custom_margin=\u00bb|auto|-10px|auto||\u00bb custom_padding=\u00bb82px||66px|||\u00bb global_colors_info=\u00bb{}\u00bb][et_pb_column type=\u00bb4_4&#8243; _builder_version=\u00bb4.16&#8243; _module_preset=\u00bbdefault\u00bb global_colors_info=\u00bb{}\u00bb][et_pb_text _builder_version=\u00bb4.20.4&#8243; _module_preset=\u00bbdefault\u00bb header_text_align=\u00bbcenter\u00bb header_text_color=\u00bb#ffffff\u00bb header_font_size=\u00bb50px\u00bb header_font_size_tablet=\u00bb50px\u00bb header_font_size_phone=\u00bb35px\u00bb header_font_size_last_edited=\u00bbon|phone\u00bb header_text_shadow_style=\u00bbpreset3&#8243; global_colors_info=\u00bb{}\u00bb]<\/p>\n<h1>Elecciones Generales 23 julio 2023<\/h1>\n<p>[\/et_pb_text][\/et_pb_column][\/et_pb_row][\/et_pb_section][et_pb_section fb_built=\u00bb1&#8243; _builder_version=\u00bb4.16&#8243; _module_preset=\u00bbdefault\u00bb custom_padding=\u00bb33px||31px|||\u00bb global_colors_info=\u00bb{}\u00bb][et_pb_row column_structure=\u00bb2_5,3_5&#8243; make_equal=\u00bbon\u00bb _builder_version=\u00bb4.20.4&#8243; _module_preset=\u00bbdefault\u00bb background_enable_color=\u00bboff\u00bb width=\u00bb79.5%\u00bb custom_margin=\u00bb-3px|auto||auto||\u00bb custom_padding=\u00bb3px||0px|0px||\u00bb border_color_bottom=\u00bb#e8e8e8&#8243; global_colors_info=\u00bb{}\u00bb][et_pb_column type=\u00bb2_5&#8243; _builder_version=\u00bb4.16&#8243; _module_preset=\u00bbdefault\u00bb background_color=\u00bb#efefef\u00bb custom_padding=\u00bb30px|30px|30px|30px|false|false\u00bb global_colors_info=\u00bb{}\u00bb][et_pb_text _builder_version=\u00bb4.20.4&#8243; _module_preset=\u00bbdefault\u00bb header_text_align=\u00bbleft\u00bb header_3_text_align=\u00bbleft\u00bb background_color=\u00bbRGBA(255,255,255,0)\u00bb custom_margin=\u00bb||-3px|||\u00bb custom_padding=\u00bb||13px|||\u00bb global_colors_info=\u00bb{}\u00bb]<\/p>\n<h3>Documentos Oficiales Elecciones<\/h3>\n<p>[\/et_pb_text][et_pb_blurb title=\u00bbEdicto BOE\u00bb url=\u00bbhttps:\/\/www.nautaran.org\/wp-content\/uploads\/2023\/07\/BOE-A-2023-12663-ELECCIONS-GENERALS-2023.pdf\u00bb use_icon=\u00bbon\u00bb font_icon=\u00bb&#x68;||divi||400&#8243; icon_placement=\u00bbleft\u00bb _builder_version=\u00bb4.20.4&#8243; _module_preset=\u00bbdefault\u00bb header_font=\u00bb||||||||\u00bb header_text_align=\u00bbleft\u00bb header_line_height=\u00bb1.9em\u00bb background_color=\u00bb#FFFFFF\u00bb custom_margin=\u00bb||8px|||\u00bb custom_padding=\u00bb10px|10px||10px|false|false\u00bb global_colors_info=\u00bb{}\u00bb][\/et_pb_blurb][et_pb_text _builder_version=\u00bb4.20.4&#8243; _module_preset=\u00bbdefault\u00bb header_text_align=\u00bbleft\u00bb header_3_text_align=\u00bbleft\u00bb background_color=\u00bbRGBA(255,255,255,0)\u00bb max_width=\u00bb100%\u00bb custom_margin=\u00bb33px||16px||false|false\u00bb custom_padding=\u00bb||13px|||\u00bb locked=\u00bboff\u00bb global_colors_info=\u00bb{}\u00bb]<\/p>\n<h3 style=\"text-align: left;\">Constituci\u00f3n de Mesas<\/h3>\n<p>[\/et_pb_text][et_pb_blurb title=\u00bbConstituci\u00f3n Mesa A Salard\u00fa &#8211; Mesa constituida y 960 Censados\u00bb icon_placement=\u00bbleft\u00bb _builder_version=\u00bb4.20.4&#8243; _module_preset=\u00bbdefault\u00bb header_font=\u00bb||||||||\u00bb header_text_align=\u00bbleft\u00bb header_text_color=\u00bb#0A0A0A\u00bb header_line_height=\u00bb1.9em\u00bb background_color=\u00bb#FFFFFF\u00bb custom_margin=\u00bb||8px|||\u00bb custom_padding=\u00bb10px|10px||10px|false|false\u00bb locked=\u00bboff\u00bb global_colors_info=\u00bb{}\u00bb][\/et_pb_blurb][et_pb_blurb title=\u00bbConstituci\u00f3n Mesa B Arties e Gar\u00f2s &#8211; Mesa constituida y 506 Censados\u00bb icon_placement=\u00bbleft\u00bb _builder_version=\u00bb4.20.4&#8243; _module_preset=\u00bbdefault\u00bb header_font=\u00bb||||||||\u00bb header_text_align=\u00bbleft\u00bb header_text_color=\u00bb#0A0A0A\u00bb header_line_height=\u00bb1.9em\u00bb background_color=\u00bb#FFFFFF\u00bb custom_margin=\u00bb||8px|||\u00bb custom_padding=\u00bb10px|10px||10px|false|false\u00bb locked=\u00bboff\u00bb global_colors_info=\u00bb{}\u00bb][\/et_pb_blurb][et_pb_text _builder_version=\u00bb4.20.4&#8243; _module_preset=\u00bbdefault\u00bb header_text_align=\u00bbleft\u00bb header_3_text_align=\u00bbleft\u00bb background_color=\u00bbRGBA(255,255,255,0)\u00bb max_width=\u00bb100%\u00bb custom_margin=\u00bb33px||16px||false|false\u00bb custom_padding=\u00bb||13px|||\u00bb locked=\u00bboff\u00bb global_colors_info=\u00bb{}\u00bb]<\/p>\n<h3>Primer Avance de Participaci\u00f3n<\/h3>\n<p>[\/et_pb_text][et_pb_blurb title=\u00bbN\u00ba Primer Avance Mesa A: 260 votos\u00bb icon_placement=\u00bbleft\u00bb _builder_version=\u00bb4.20.4&#8243; _module_preset=\u00bbdefault\u00bb header_font=\u00bb||||||||\u00bb header_text_align=\u00bbleft\u00bb header_text_color=\u00bb#0A0A0A\u00bb header_line_height=\u00bb1.9em\u00bb background_color=\u00bb#FFFFFF\u00bb custom_margin=\u00bb||8px|||\u00bb custom_padding=\u00bb10px|10px||10px|false|false\u00bb locked=\u00bboff\u00bb global_colors_info=\u00bb{}\u00bb][\/et_pb_blurb][et_pb_blurb title=\u00bbN\u00ba Primer Avance Mesa B: 177 vots\u00bb icon_placement=\u00bbleft\u00bb _builder_version=\u00bb4.20.4&#8243; _module_preset=\u00bbdefault\u00bb header_font=\u00bb||||||||\u00bb header_text_align=\u00bbleft\u00bb header_text_color=\u00bb#0A0A0A\u00bb header_line_height=\u00bb1.9em\u00bb background_color=\u00bb#FFFFFF\u00bb custom_margin=\u00bb||8px|||\u00bb custom_padding=\u00bb10px|10px||10px|false|false\u00bb locked=\u00bboff\u00bb global_colors_info=\u00bb{}\u00bb][\/et_pb_blurb][et_pb_text _builder_version=\u00bb4.20.4&#8243; _module_preset=\u00bbdefault\u00bb header_text_align=\u00bbleft\u00bb header_3_text_align=\u00bbleft\u00bb background_color=\u00bbRGBA(255,255,255,0)\u00bb max_width=\u00bb100%\u00bb custom_margin=\u00bb33px||16px||false|false\u00bb custom_padding=\u00bb||13px|||\u00bb locked=\u00bboff\u00bb global_colors_info=\u00bb{}\u00bb]<\/p>\n<h3>Segundo Avance de Participaci\u00f3n<\/h3>\n<p>[\/et_pb_text][et_pb_blurb title=\u00bbN\u00ba Segundo Avance Mesa A:  390 votos\u00bb icon_placement=\u00bbleft\u00bb _builder_version=\u00bb4.20.4&#8243; _module_preset=\u00bbdefault\u00bb header_font=\u00bb||||||||\u00bb header_text_align=\u00bbleft\u00bb header_text_color=\u00bb#0A0A0A\u00bb header_line_height=\u00bb1.9em\u00bb background_color=\u00bb#FFFFFF\u00bb custom_margin=\u00bb||8px|||\u00bb custom_padding=\u00bb10px|10px||10px|false|false\u00bb locked=\u00bboff\u00bb global_colors_info=\u00bb{}\u00bb][\/et_pb_blurb][et_pb_blurb title=\u00bbN\u00ba Segundo Avance Mesa B: 250 votos\u00bb icon_placement=\u00bbleft\u00bb _builder_version=\u00bb4.20.4&#8243; _module_preset=\u00bbdefault\u00bb header_font=\u00bb||||||||\u00bb header_text_align=\u00bbleft\u00bb header_text_color=\u00bb#0A0A0A\u00bb header_line_height=\u00bb1.9em\u00bb background_color=\u00bb#FFFFFF\u00bb custom_margin=\u00bb||8px|||\u00bb custom_padding=\u00bb10px|10px||10px|false|false\u00bb locked=\u00bboff\u00bb global_colors_info=\u00bb{}\u00bb][\/et_pb_blurb][et_pb_text _builder_version=\u00bb4.20.4&#8243; _module_preset=\u00bbdefault\u00bb header_text_align=\u00bbleft\u00bb header_3_text_align=\u00bbleft\u00bb background_color=\u00bbRGBA(255,255,255,0)\u00bb max_width=\u00bb100%\u00bb custom_margin=\u00bb33px||16px||false|false\u00bb custom_padding=\u00bb||13px|||\u00bb locked=\u00bboff\u00bb global_colors_info=\u00bb{}\u00bb]<\/p>\n<h3>Actas de Escrutinio<\/h3>\n<p>[\/et_pb_text][et_pb_blurb title=\u00bbActa de Escrutinio Mesa A Congreso\u00bb icon_placement=\u00bbleft\u00bb _builder_version=\u00bb4.20.4&#8243; _module_preset=\u00bbdefault\u00bb header_font=\u00bb||||||||\u00bb header_text_align=\u00bbleft\u00bb header_line_height=\u00bb1.9em\u00bb background_color=\u00bb#FFFFFF\u00bb custom_margin=\u00bb||8px|||\u00bb custom_padding=\u00bb10px|10px||10px|false|false\u00bb hover_enabled=\u00bb0&#8243; locked=\u00bboff\u00bb global_colors_info=\u00bb{}\u00bb use_icon=\u00bbon\u00bb font_icon=\u00bb&#x68;||divi||400&#8243; url=\u00bbhttps:\/\/www.nautaran.org\/wp-content\/uploads\/2023\/07\/Resultados-Mesa-A-congreso.pdf\u00bb sticky_enabled=\u00bb0&#8243;][\/et_pb_blurb][et_pb_blurb title=\u00bbActa de Escrutinio Mesa B Congreso\u00bb url=\u00bbhttps:\/\/www.nautaran.org\/wp-content\/uploads\/2023\/07\/Resultados-elecciones-congreso-mesa-B.pdf\u00bb use_icon=\u00bbon\u00bb font_icon=\u00bb&#x68;||divi||400&#8243; icon_placement=\u00bbleft\u00bb _builder_version=\u00bb4.20.4&#8243; _module_preset=\u00bbdefault\u00bb header_font=\u00bb||||||||\u00bb header_text_align=\u00bbleft\u00bb header_line_height=\u00bb1.9em\u00bb background_color=\u00bb#FFFFFF\u00bb custom_margin=\u00bb||8px|||\u00bb custom_padding=\u00bb10px|10px||10px|false|false\u00bb locked=\u00bboff\u00bb global_colors_info=\u00bb{}\u00bb][\/et_pb_blurb][et_pb_blurb title=\u00bbActa de Escrutinio Mesa A Senado\u00bb icon_placement=\u00bbleft\u00bb _builder_version=\u00bb4.20.4&#8243; _module_preset=\u00bbdefault\u00bb header_font=\u00bb||||||||\u00bb header_text_align=\u00bbleft\u00bb header_line_height=\u00bb1.9em\u00bb background_color=\u00bb#FFFFFF\u00bb custom_margin=\u00bb||8px|||\u00bb custom_padding=\u00bb10px|10px||10px|false|false\u00bb hover_enabled=\u00bb0&#8243; locked=\u00bboff\u00bb global_colors_info=\u00bb{}\u00bb use_icon=\u00bbon\u00bb font_icon=\u00bb&#x68;||divi||400&#8243; url=\u00bbhttps:\/\/www.nautaran.org\/wp-content\/uploads\/2023\/07\/Resultados-Mesa-A-Senado.pdf\u00bb sticky_enabled=\u00bb0&#8243;][\/et_pb_blurb][et_pb_blurb title=\u00bbActa de Escrutinio Mesa B Senado\u00bb url=\u00bbhttps:\/\/www.nautaran.org\/wp-content\/uploads\/2023\/07\/Resultados-elecciones-senado-mesa-B.pdf\u00bb use_icon=\u00bbon\u00bb font_icon=\u00bb&#x68;||divi||400&#8243; icon_placement=\u00bbleft\u00bb _builder_version=\u00bb4.20.4&#8243; _module_preset=\u00bbdefault\u00bb header_font=\u00bb||||||||\u00bb header_text_align=\u00bbleft\u00bb header_line_height=\u00bb1.9em\u00bb background_color=\u00bb#FFFFFF\u00bb custom_margin=\u00bb||8px|||\u00bb custom_padding=\u00bb10px|10px||10px|false|false\u00bb locked=\u00bboff\u00bb global_colors_info=\u00bb{}\u00bb][\/et_pb_blurb][\/et_pb_column][et_pb_column type=\u00bb3_5&#8243; _builder_version=\u00bb4.20.4&#8243; _module_preset=\u00bbdefault\u00bb global_colors_info=\u00bb{}\u00bb][et_pb_image src=\u00bbhttps:\/\/www.nautaran.org\/wp-content\/uploads\/2023\/06\/PORTADA.jpg\u00bb title_text=\u00bbPORTADA\u00bb _builder_version=\u00bb4.20.4&#8243; _module_preset=\u00bbdefault\u00bb global_colors_info=\u00bb{}\u00bb][\/et_pb_image][\/et_pb_column][\/et_pb_row][et_pb_row _builder_version=\u00bb4.20.4&#8243; _module_preset=\u00bbdefault\u00bb locked=\u00bboff\u00bb global_colors_info=\u00bb{}\u00bb][et_pb_column type=\u00bb4_4&#8243; _builder_version=\u00bb4.20.4&#8243; _module_preset=\u00bbdefault\u00bb global_colors_info=\u00bb{}\u00bb][et_pb_text _builder_version=\u00bb4.20.4&#8243; _module_preset=\u00bbdefault\u00bb global_colors_info=\u00bb{}\u00bb]<\/p>\n<p>Tambi\u00e9n podeis seguir los resultados las elecciones en la web oficial de las elecciones en esta web: <a href=\"https:\/\/resultados.generales23j.es\/es\/mesas\/0\/4922\/0\">Elecciones Generales de julio 2023<\/a><\/p>\n<p>[\/et_pb_text][\/et_pb_column][\/et_pb_row][\/et_pb_section]<\/p>\n","protected":false},"excerpt":{"rendered":"<p>Elecciones Generales 23 julio 2023Documentos Oficiales EleccionesConstituci\u00f3n de MesasPrimer Avance de Participaci\u00f3nSegundo Avance de Participaci\u00f3nActas de EscrutinioTambi\u00e9n podeis seguir los resultados las elecciones en la web oficial de las elecciones en esta web: Elecciones Generales de julio 2023<\/p>\n","protected":false},"author":6,"featured_media":0,"parent":15040,"menu_order":0,"comment_status":"closed","ping_status":"closed","template":"","meta":{"_acf_changed":false,"_et_pb_use_builder":"on","_et_pb_old_content":"","_et_gb_content_width":"","footnotes":""},"class_list":["post-15705","page","type-page","status-publish","hentry"],"acf":[],"yoast_head":"<!-- This site is optimized with the Yoast SEO plugin v26.8 - https:\/\/yoast.com\/product\/yoast-seo-wordpress\/ -->\n<title>Elecciones Generales 23 julio 2023 - Ajuntament de Naut Aran<\/title>\n<meta name=\"robots\" content=\"index, follow, max-snippet:-1, max-image-preview:large, max-video-preview:-1\" \/>\n<link rel=\"canonical\" href=\"https:\/\/www.nautaran.org\/es\/naut-aran\/eleccions\/elecciones-generales-23-julio-2023\/\" \/>\n<meta property=\"og:locale\" content=\"es_ES\" \/>\n<meta property=\"og:type\" content=\"article\" \/>\n<meta property=\"og:title\" content=\"Elecciones Generales 23 julio 2023 - Ajuntament de Naut Aran\" \/>\n<meta property=\"og:description\" content=\"Elecciones Generales 23 julio 2023Documentos Oficiales EleccionesConstituci\u00f3n de MesasPrimer Avance de Participaci\u00f3nSegundo Avance de Participaci\u00f3nActas de EscrutinioTambi\u00e9n podeis seguir los resultados las elecciones en la web oficial de las elecciones en esta web: Elecciones Generales de julio 2023\" \/>\n<meta property=\"og:url\" content=\"https:\/\/www.nautaran.org\/es\/naut-aran\/eleccions\/elecciones-generales-23-julio-2023\/\" \/>\n<meta property=\"og:site_name\" content=\"Ajuntament de Naut Aran\" \/>\n<meta property=\"article:modified_time\" content=\"2023-07-23T22:03:42+00:00\" \/>\n<meta name=\"twitter:card\" content=\"summary_large_image\" \/>\n<meta name=\"twitter:label1\" content=\"Tiempo de lectura\" \/>\n\t<meta name=\"twitter:data1\" content=\"2 minutos\" \/>\n<script type=\"application\/ld+json\" class=\"yoast-schema-graph\">{\"@context\":\"https:\/\/schema.org\",\"@graph\":[{\"@type\":\"WebPage\",\"@id\":\"https:\/\/www.nautaran.org\/es\/naut-aran\/eleccions\/elecciones-generales-23-julio-2023\/\",\"url\":\"https:\/\/www.nautaran.org\/es\/naut-aran\/eleccions\/elecciones-generales-23-julio-2023\/\",\"name\":\"Elecciones Generales 23 julio 2023 - Ajuntament de Naut Aran\",\"isPartOf\":{\"@id\":\"https:\/\/www.nautaran.org\/#website\"},\"datePublished\":\"2023-07-04T10:53:05+00:00\",\"dateModified\":\"2023-07-23T22:03:42+00:00\",\"breadcrumb\":{\"@id\":\"https:\/\/www.nautaran.org\/es\/naut-aran\/eleccions\/elecciones-generales-23-julio-2023\/#breadcrumb\"},\"inLanguage\":\"es\",\"potentialAction\":[{\"@type\":\"ReadAction\",\"target\":[\"https:\/\/www.nautaran.org\/es\/naut-aran\/eleccions\/elecciones-generales-23-julio-2023\/\"]}]},{\"@type\":\"BreadcrumbList\",\"@id\":\"https:\/\/www.nautaran.org\/es\/naut-aran\/eleccions\/elecciones-generales-23-julio-2023\/#breadcrumb\",\"itemListElement\":[{\"@type\":\"ListItem\",\"position\":1,\"name\":\"Portada\",\"item\":\"https:\/\/www.nautaran.org\/es\/home-2\/\"},{\"@type\":\"ListItem\",\"position\":2,\"name\":\"Naut Aran\",\"item\":\"https:\/\/www.nautaran.org\/es\/naut-aran\/\"},{\"@type\":\"ListItem\",\"position\":3,\"name\":\"Elecciones\",\"item\":\"https:\/\/www.nautaran.org\/es\/naut-aran\/eleccions\/\"},{\"@type\":\"ListItem\",\"position\":4,\"name\":\"Elecciones Generales 23 julio 2023\"}]},{\"@type\":\"WebSite\",\"@id\":\"https:\/\/www.nautaran.org\/#website\",\"url\":\"https:\/\/www.nautaran.org\/\",\"name\":\"Ajuntament de Naut Aran\",\"description\":\"Naut Aran\",\"potentialAction\":[{\"@type\":\"SearchAction\",\"target\":{\"@type\":\"EntryPoint\",\"urlTemplate\":\"https:\/\/www.nautaran.org\/?s={search_term_string}\"},\"query-input\":{\"@type\":\"PropertyValueSpecification\",\"valueRequired\":true,\"valueName\":\"search_term_string\"}}],\"inLanguage\":\"es\"}]}<\/script>\n<!-- \/ Yoast SEO plugin. -->","yoast_head_json":{"title":"Elecciones Generales 23 julio 2023 - Ajuntament de Naut Aran","robots":{"index":"index","follow":"follow","max-snippet":"max-snippet:-1","max-image-preview":"max-image-preview:large","max-video-preview":"max-video-preview:-1"},"canonical":"https:\/\/www.nautaran.org\/es\/naut-aran\/eleccions\/elecciones-generales-23-julio-2023\/","og_locale":"es_ES","og_type":"article","og_title":"Elecciones Generales 23 julio 2023 - Ajuntament de Naut Aran","og_description":"Elecciones Generales 23 julio 2023Documentos Oficiales EleccionesConstituci\u00f3n de MesasPrimer Avance de Participaci\u00f3nSegundo Avance de Participaci\u00f3nActas de EscrutinioTambi\u00e9n podeis seguir los resultados las elecciones en la web oficial de las elecciones en esta web: Elecciones Generales de julio 2023","og_url":"https:\/\/www.nautaran.org\/es\/naut-aran\/eleccions\/elecciones-generales-23-julio-2023\/","og_site_name":"Ajuntament de Naut Aran","article_modified_time":"2023-07-23T22:03:42+00:00","twitter_card":"summary_large_image","twitter_misc":{"Tiempo de lectura":"2 minutos"},"schema":{"@context":"https:\/\/schema.org","@graph":[{"@type":"WebPage","@id":"https:\/\/www.nautaran.org\/es\/naut-aran\/eleccions\/elecciones-generales-23-julio-2023\/","url":"https:\/\/www.nautaran.org\/es\/naut-aran\/eleccions\/elecciones-generales-23-julio-2023\/","name":"Elecciones Generales 23 julio 2023 - Ajuntament de Naut Aran","isPartOf":{"@id":"https:\/\/www.nautaran.org\/#website"},"datePublished":"2023-07-04T10:53:05+00:00","dateModified":"2023-07-23T22:03:42+00:00","breadcrumb":{"@id":"https:\/\/www.nautaran.org\/es\/naut-aran\/eleccions\/elecciones-generales-23-julio-2023\/#breadcrumb"},"inLanguage":"es","potentialAction":[{"@type":"ReadAction","target":["https:\/\/www.nautaran.org\/es\/naut-aran\/eleccions\/elecciones-generales-23-julio-2023\/"]}]},{"@type":"BreadcrumbList","@id":"https:\/\/www.nautaran.org\/es\/naut-aran\/eleccions\/elecciones-generales-23-julio-2023\/#breadcrumb","itemListElement":[{"@type":"ListItem","position":1,"name":"Portada","item":"https:\/\/www.nautaran.org\/es\/home-2\/"},{"@type":"ListItem","position":2,"name":"Naut Aran","item":"https:\/\/www.nautaran.org\/es\/naut-aran\/"},{"@type":"ListItem","position":3,"name":"Elecciones","item":"https:\/\/www.nautaran.org\/es\/naut-aran\/eleccions\/"},{"@type":"ListItem","position":4,"name":"Elecciones Generales 23 julio 2023"}]},{"@type":"WebSite","@id":"https:\/\/www.nautaran.org\/#website","url":"https:\/\/www.nautaran.org\/","name":"Ajuntament de Naut Aran","description":"Naut Aran","potentialAction":[{"@type":"SearchAction","target":{"@type":"EntryPoint","urlTemplate":"https:\/\/www.nautaran.org\/?s={search_term_string}"},"query-input":{"@type":"PropertyValueSpecification","valueRequired":true,"valueName":"search_term_string"}}],"inLanguage":"es"}]}},"_links":{"self":[{"href":"https:\/\/www.nautaran.org\/es\/wp-json\/wp\/v2\/pages\/15705","targetHints":{"allow":["GET"]}}],"collection":[{"href":"https:\/\/www.nautaran.org\/es\/wp-json\/wp\/v2\/pages"}],"about":[{"href":"https:\/\/www.nautaran.org\/es\/wp-json\/wp\/v2\/types\/page"}],"author":[{"embeddable":true,"href":"https:\/\/www.nautaran.org\/es\/wp-json\/wp\/v2\/users\/6"}],"replies":[{"embeddable":true,"href":"https:\/\/www.nautaran.org\/es\/wp-json\/wp\/v2\/comments?post=15705"}],"version-history":[{"count":14,"href":"https:\/\/www.nautaran.org\/es\/wp-json\/wp\/v2\/pages\/15705\/revisions"}],"predecessor-version":[{"id":16315,"href":"https:\/\/www.nautaran.org\/es\/wp-json\/wp\/v2\/pages\/15705\/revisions\/16315"}],"up":[{"embeddable":true,"href":"https:\/\/www.nautaran.org\/es\/wp-json\/wp\/v2\/pages\/15040"}],"wp:attachment":[{"href":"https:\/\/www.nautaran.org\/es\/wp-json\/wp\/v2\/media?parent=15705"}],"curies":[{"name":"wp","href":"https:\/\/api.w.org\/{rel}","templated":true}]}}