{"id":16067,"date":"2023-07-17T09:55:23","date_gmt":"2023-07-17T08:55:23","guid":{"rendered":"https:\/\/www.nautaran.org\/?page_id=16067"},"modified":"2026-04-07T13:06:32","modified_gmt":"2026-04-07T12:06:32","slug":"composicion-naut-aran23-27","status":"publish","type":"page","link":"https:\/\/www.nautaran.org\/es\/ayuntamiento\/corporacions-2023-2027\/composicion-naut-aran23-27\/","title":{"rendered":"Composicion Naut Aran 23 &#8211; 27"},"content":{"rendered":"<p>[et_pb_section fb_built=\u00bb1&#8243; _builder_version=\u00bb4.16&#8243; _module_preset=\u00bbdefault\u00bb use_background_color_gradient=\u00bbon\u00bb background_color_gradient_direction=\u00bb160deg\u00bb background_color_gradient_stops=\u00bbrgba(115,152,198,0.9) 0%|rgba(143,196,109,0.9) 100%\u00bb background_color_gradient_overlays_image=\u00bbon\u00bb background_color_gradient_start=\u00bbrgba(115,152,198,0.9)\u00bb background_color_gradient_end=\u00bbrgba(143,196,109,0.9)\u00bb background_image=\u00bbhttps:\/\/www.nautaran.org\/wp-content\/uploads\/2020\/10\/corporacion-naut-aran.jpg\u00bb custom_padding=\u00bb5px||13px|||\u00bb global_colors_info=\u00bb{}\u00bb][et_pb_row _builder_version=\u00bb4.16&#8243; _module_preset=\u00bbdefault\u00bb custom_margin=\u00bb|auto|-10px|auto||\u00bb custom_padding=\u00bb82px||66px|||\u00bb global_colors_info=\u00bb{}\u00bb][et_pb_column type=\u00bb4_4&#8243; _builder_version=\u00bb4.16&#8243; _module_preset=\u00bbdefault\u00bb global_colors_info=\u00bb{}\u00bb][et_pb_text _builder_version=\u00bb4.20.4&#8243; _module_preset=\u00bbdefault\u00bb header_text_align=\u00bbcenter\u00bb header_text_color=\u00bb#ffffff\u00bb header_font_size=\u00bb70px\u00bb header_font_size_tablet=\u00bb50px\u00bb header_font_size_phone=\u00bb35px\u00bb header_font_size_last_edited=\u00bbon|phone\u00bb header_text_shadow_style=\u00bbpreset3&#8243; global_colors_info=\u00bb{}\u00bb]<\/p>\n<h1>Composici\u00f3n Naut Aran<\/h1>\n<p>[\/et_pb_text][\/et_pb_column][\/et_pb_row][\/et_pb_section][et_pb_section fb_built=\u00bb1&#8243; _builder_version=\u00bb4.16&#8243; use_background_color_gradient=\u00bbon\u00bb background_color_gradient_stops=\u00bb#ffffff 0%|#efefef 100%\u00bb background_color_gradient_start=\u00bb#ffffff\u00bb background_color_gradient_end=\u00bb#efefef\u00bb background_enable_image=\u00bboff\u00bb custom_margin=\u00bb-3px|||||\u00bb custom_padding=\u00bb47px||22px|||\u00bb global_colors_info=\u00bb{}\u00bb][et_pb_row column_structure=\u00bb1_5,1_5,1_5,1_5,1_5&#8243; _builder_version=\u00bb4.20.4&#8243; _module_preset=\u00bbdefault\u00bb global_colors_info=\u00bb{}\u00bb][et_pb_column type=\u00bb1_5&#8243; _builder_version=\u00bb4.20.4&#8243; _module_preset=\u00bbdefault\u00bb global_colors_info=\u00bb{}\u00bb][et_pb_text _builder_version=\u00bb4.20.4&#8243; _module_preset=\u00bbdefault\u00bb global_colors_info=\u00bb{}\u00bb]<\/p>\n<h3 style=\"text-align: center;\">Cesar Ruiz-Canela Nieto<\/h3>\n<p>[\/et_pb_text][et_pb_image src=\u00bbhttps:\/\/www.nautaran.org\/wp-content\/uploads\/2023\/10\/CesarRuiz-CanelaNieto_2.jpg\u00bb title_text=\u00bbCesarRuiz-CanelaNieto_2&#8243; _builder_version=\u00bb4.20.4&#8243; _module_preset=\u00bbdefault\u00bb global_colors_info=\u00bb{}\u00bb][\/et_pb_image][et_pb_text _builder_version=\u00bb4.20.4&#8243; _module_preset=\u00bbdefault\u00bb text_orientation=\u00bbjustified\u00bb hover_enabled=\u00bb0&#8243; global_colors_info=\u00bb{}\u00bb sticky_enabled=\u00bb0&#8243;]<\/p>\n<p style=\"text-align: center;\"><strong>Alcalde<\/strong><\/p>\n<p style=\"text-align: left;\">Gobernaci\u00f3n, Personal, Bienestar Social y Asistencia Social, Fiestas, Juventud, Ganader\u00eda, y Coordinador con las EMD<\/p>\n<p>[\/et_pb_text][\/et_pb_column][et_pb_column type=\u00bb1_5&#8243; _builder_version=\u00bb4.20.4&#8243; _module_preset=\u00bbdefault\u00bb global_colors_info=\u00bb{}\u00bb][et_pb_text _builder_version=\u00bb4.20.4&#8243; _module_preset=\u00bbdefault\u00bb locked=\u00bboff\u00bb global_colors_info=\u00bb{}\u00bb]<\/p>\n<h3 style=\"text-align: center;\">Anna Geli Espa\u00f1a<\/h3>\n<p>[\/et_pb_text][et_pb_image src=\u00bbhttps:\/\/www.nautaran.org\/wp-content\/uploads\/2023\/10\/AnnaGeliEspana_2.jpg\u00bb title_text=\u00bbAnnaGeliEspa\u00f1a_2&#8243; _builder_version=\u00bb4.20.4&#8243; _module_preset=\u00bbdefault\u00bb global_colors_info=\u00bb{}\u00bb][\/et_pb_image][et_pb_text _builder_version=\u00bb4.20.4&#8243; _module_preset=\u00bbdefault\u00bb text_orientation=\u00bbjustified\u00bb hover_enabled=\u00bb0&#8243; locked=\u00bboff\u00bb global_colors_info=\u00bb{}\u00bb sticky_enabled=\u00bb0&#8243;]<\/p>\n<p style=\"text-align: center;\"><strong>1\u00aa Teniente de alcalde<\/strong><\/p>\n<p style=\"text-align: left;\">Deportes, Turismo, Cultura e igualdad<\/p>\n<p>[\/et_pb_text][\/et_pb_column][et_pb_column type=\u00bb1_5&#8243; _builder_version=\u00bb4.20.4&#8243; _module_preset=\u00bbdefault\u00bb global_colors_info=\u00bb{}\u00bb][et_pb_text _builder_version=\u00bb4.20.4&#8243; _module_preset=\u00bbdefault\u00bb locked=\u00bboff\u00bb global_colors_info=\u00bb{}\u00bb]<\/p>\n<h3 style=\"text-align: center;\">David Torres Alonso<\/h3>\n<p>[\/et_pb_text][et_pb_image src=\u00bbhttps:\/\/www.nautaran.org\/wp-content\/uploads\/2023\/10\/DavidTorresAlonso_2.jpg\u00bb title_text=\u00bbDavidTorresAlonso_2&#8243; _builder_version=\u00bb4.20.4&#8243; _module_preset=\u00bbdefault\u00bb global_colors_info=\u00bb{}\u00bb][\/et_pb_image][et_pb_text _builder_version=\u00bb4.20.4&#8243; _module_preset=\u00bbdefault\u00bb text_orientation=\u00bbjustified\u00bb hover_enabled=\u00bb0&#8243; locked=\u00bboff\u00bb global_colors_info=\u00bb{}\u00bb sticky_enabled=\u00bb0&#8243;]<\/p>\n<p style=\"text-align: center;\"><strong>2\u00ba Teniente de alcalde<\/strong><\/p>\n<p style=\"text-align: left;\">Urbanismo, Obras y Nuevas Tecnolog\u00edas<\/p>\n<p>[\/et_pb_text][\/et_pb_column][et_pb_column type=\u00bb1_5&#8243; _builder_version=\u00bb4.20.4&#8243; _module_preset=\u00bbdefault\u00bb global_colors_info=\u00bb{}\u00bb][et_pb_text _builder_version=\u00bb4.20.4&#8243; _module_preset=\u00bbdefault\u00bb locked=\u00bboff\u00bb global_colors_info=\u00bb{}\u00bb]<\/p>\n<h3 style=\"text-align: center;\">Andr\u00e9s Espa\u00f1a Consul<\/h3>\n<p>[\/et_pb_text][et_pb_image src=\u00bbhttps:\/\/www.nautaran.org\/wp-content\/uploads\/2023\/10\/AndresEspanaConsul_2.jpg\u00bb title_text=\u00bbAndr\u00e9sEspa\u00f1aC\u00f3nsul_2&#8243; _builder_version=\u00bb4.20.4&#8243; _module_preset=\u00bbdefault\u00bb global_colors_info=\u00bb{}\u00bb][\/et_pb_image][et_pb_text _builder_version=\u00bb4.20.4&#8243; _module_preset=\u00bbdefault\u00bb text_orientation=\u00bbjustified\u00bb hover_enabled=\u00bb0&#8243; locked=\u00bboff\u00bb global_colors_info=\u00bb{}\u00bb sticky_enabled=\u00bb0&#8243;]<\/p>\n<p style=\"text-align: center;\"><strong>3r Teniente de alcalde<\/strong><\/p>\n<p style=\"text-align: left;\">Medio Natural y Montes, Caza y Pesca, Agricultura y Ganader\u00eda, Acci\u00f3n Clim\u00e1tica, Alimentaci\u00f3n y Agenda Rural<\/p>\n<p>[\/et_pb_text][\/et_pb_column][et_pb_column type=\u00bb1_5&#8243; _builder_version=\u00bb4.20.4&#8243; _module_preset=\u00bbdefault\u00bb global_colors_info=\u00bb{}\u00bb][et_pb_text _builder_version=\u00bb4.20.4&#8243; _module_preset=\u00bbdefault\u00bb locked=\u00bboff\u00bb global_colors_info=\u00bb{}\u00bb]<\/p>\n<h3 style=\"text-align: center;\">Marcos Amiell Moga<\/h3>\n<p>[\/et_pb_text][et_pb_image src=\u00bbhttps:\/\/www.nautaran.org\/wp-content\/uploads\/2023\/10\/MarcosAmiellMoga_2.jpg\u00bb title_text=\u00bbMarcosAmiellMoga_2&#8243; _builder_version=\u00bb4.20.4&#8243; _module_preset=\u00bbdefault\u00bb global_colors_info=\u00bb{}\u00bb][\/et_pb_image][et_pb_text _builder_version=\u00bb4.20.4&#8243; _module_preset=\u00bbdefault\u00bb text_orientation=\u00bbjustified\u00bb hover_enabled=\u00bb0&#8243; locked=\u00bboff\u00bb global_colors_info=\u00bb{}\u00bb sticky_enabled=\u00bb0&#8243;]<\/p>\n<p style=\"text-align: center;\"><strong>Regidor Naut Aran<\/strong><\/p>\n<p>Hacienda, Educaci\u00f3n y Ense\u00f1anza<\/p>\n<p>[\/et_pb_text][\/et_pb_column][\/et_pb_row][et_pb_row column_structure=\u00bb1_5,1_5,1_5,1_5,1_5&#8243; _builder_version=\u00bb4.20.4&#8243; _module_preset=\u00bbdefault\u00bb global_colors_info=\u00bb{}\u00bb][et_pb_column type=\u00bb1_5&#8243; _builder_version=\u00bb4.20.4&#8243; _module_preset=\u00bbdefault\u00bb global_colors_info=\u00bb{}\u00bb][et_pb_text _builder_version=\u00bb4.20.4&#8243; _module_preset=\u00bbdefault\u00bb locked=\u00bboff\u00bb global_colors_info=\u00bb{}\u00bb]<\/p>\n<h3 style=\"text-align: center;\">Marc Tarrau Leja<\/h3>\n<p>[\/et_pb_text][et_pb_image src=\u00bbhttps:\/\/www.nautaran.org\/wp-content\/uploads\/2023\/10\/Marc_Tarrau_2-1.jpg\u00bb title_text=\u00bbMarc_Tarrau_2&#8243; _builder_version=\u00bb4.20.4&#8243; _module_preset=\u00bbdefault\u00bb global_colors_info=\u00bb{}\u00bb][\/et_pb_image][et_pb_text _builder_version=\u00bb4.20.4&#8243; _module_preset=\u00bbdefault\u00bb text_orientation=\u00bbjustified\u00bb locked=\u00bboff\u00bb global_colors_info=\u00bb{}\u00bb]<\/p>\n<p style=\"text-align: center;\"><strong>Regidor Naut Aran<\/strong><\/p>\n<p>[\/et_pb_text][\/et_pb_column][et_pb_column type=\u00bb1_5&#8243; _builder_version=\u00bb4.20.4&#8243; _module_preset=\u00bbdefault\u00bb global_colors_info=\u00bb{}\u00bb][et_pb_text _builder_version=\u00bb4.20.4&#8243; _module_preset=\u00bbdefault\u00bb locked=\u00bboff\u00bb global_colors_info=\u00bb{}\u00bb]<\/p>\n<h3 style=\"text-align: center;\">Josep Canut Herraiz<\/h3>\n<p>[\/et_pb_text][et_pb_image src=\u00bbhttps:\/\/www.nautaran.org\/wp-content\/uploads\/2023\/10\/Josep_Canut_2.jpg\u00bb title_text=\u00bbJosep_Canut_2&#8243; _builder_version=\u00bb4.20.4&#8243; _module_preset=\u00bbdefault\u00bb global_colors_info=\u00bb{}\u00bb][\/et_pb_image][et_pb_text _builder_version=\u00bb4.20.4&#8243; _module_preset=\u00bbdefault\u00bb text_orientation=\u00bbjustified\u00bb locked=\u00bboff\u00bb global_colors_info=\u00bb{}\u00bb]<\/p>\n<p style=\"text-align: center;\"><strong>Regidor Naut Aran<\/strong><\/p>\n<p>[\/et_pb_text][\/et_pb_column][et_pb_column type=\u00bb1_5&#8243; _builder_version=\u00bb4.20.4&#8243; _module_preset=\u00bbdefault\u00bb global_colors_info=\u00bb{}\u00bb][et_pb_text _builder_version=\u00bb4.20.4&#8243; _module_preset=\u00bbdefault\u00bb locked=\u00bboff\u00bb global_colors_info=\u00bb{}\u00bb]<\/p>\n<h3 style=\"text-align: center;\">Edgar Gerotina Mora<\/h3>\n<p>[\/et_pb_text][et_pb_image src=\u00bbhttps:\/\/www.nautaran.org\/wp-content\/uploads\/2023\/10\/Edgar-Gerotina_2.jpg\u00bb title_text=\u00bbEdgar-Gerotina_2&#8243; _builder_version=\u00bb4.20.4&#8243; _module_preset=\u00bbdefault\u00bb global_colors_info=\u00bb{}\u00bb][\/et_pb_image][et_pb_text _builder_version=\u00bb4.20.4&#8243; _module_preset=\u00bbdefault\u00bb text_orientation=\u00bbjustified\u00bb locked=\u00bboff\u00bb global_colors_info=\u00bb{}\u00bb]<\/p>\n<p style=\"text-align: center;\"><strong>Regidor Naut Aran<\/strong><\/p>\n<p>[\/et_pb_text][\/et_pb_column][et_pb_column type=\u00bb1_5&#8243; _builder_version=\u00bb4.20.4&#8243; _module_preset=\u00bbdefault\u00bb global_colors_info=\u00bb{}\u00bb][et_pb_text _builder_version=\u00bb4.20.4&#8243; _module_preset=\u00bbdefault\u00bb locked=\u00bboff\u00bb global_colors_info=\u00bb{}\u00bb]<\/p>\n<h3 style=\"text-align: center;\">Rosanna Sellart Vives<\/h3>\n<p>[\/et_pb_text][et_pb_image src=\u00bbhttps:\/\/www.nautaran.org\/wp-content\/uploads\/2023\/10\/Rosanna_2.jpg\u00bb title_text=\u00bbRosanna_2&#8243; _builder_version=\u00bb4.20.4&#8243; _module_preset=\u00bbdefault\u00bb global_colors_info=\u00bb{}\u00bb][\/et_pb_image][et_pb_text _builder_version=\u00bb4.20.4&#8243; _module_preset=\u00bbdefault\u00bb text_orientation=\u00bbjustified\u00bb locked=\u00bboff\u00bb global_colors_info=\u00bb{}\u00bb]<\/p>\n<p style=\"text-align: center;\"><strong>Regidora Naut Aran<\/strong><\/p>\n<p>[\/et_pb_text][\/et_pb_column][et_pb_column type=\u00bb1_5&#8243; _builder_version=\u00bb4.20.4&#8243; _module_preset=\u00bbdefault\u00bb global_colors_info=\u00bb{}\u00bb][et_pb_text _builder_version=\u00bb4.20.4&#8243; _module_preset=\u00bbdefault\u00bb locked=\u00bboff\u00bb global_colors_info=\u00bb{}\u00bb]<\/p>\n<h3 style=\"text-align: center;\">Mariano Capdevila Noguero<\/h3>\n<p>[\/et_pb_text][et_pb_image src=\u00bbhttps:\/\/www.nautaran.org\/wp-content\/uploads\/2023\/10\/Mariano_2.jpg\u00bb title_text=\u00bbMariano_2&#8243; _builder_version=\u00bb4.20.4&#8243; _module_preset=\u00bbdefault\u00bb global_colors_info=\u00bb{}\u00bb][\/et_pb_image][et_pb_text _builder_version=\u00bb4.20.4&#8243; _module_preset=\u00bbdefault\u00bb text_orientation=\u00bbjustified\u00bb locked=\u00bboff\u00bb global_colors_info=\u00bb{}\u00bb]<\/p>\n<p style=\"text-align: center;\"><strong>Secretario &#8211; Interventor<\/strong><\/p>\n<p>[\/et_pb_text][\/et_pb_column][\/et_pb_row][\/et_pb_section]<\/p>\n","protected":false},"excerpt":{"rendered":"<p>Composici\u00f3n Naut AranCesar Ruiz-Canela NietoAlcalde Gobernaci\u00f3n, Personal, Bienestar Social y Asistencia Social, Fiestas, Juventud, Ganader\u00eda, y Coordinador con las EMDAnna Geli Espa\u00f1a1\u00aa Teniente de alcalde Deportes, Turismo, Cultura e igualdadDavid Torres Alonso2\u00ba Teniente de alcalde Urbanismo, Obras y Nuevas Tecnolog\u00edasAndr\u00e9s Espa\u00f1a Consul3r Teniente de alcalde Medio Natural y Montes, Caza y Pesca, Agricultura y Ganader\u00eda, [&hellip;]<\/p>\n","protected":false},"author":6,"featured_media":0,"parent":16021,"menu_order":0,"comment_status":"closed","ping_status":"closed","template":"","meta":{"_acf_changed":false,"_et_pb_use_builder":"on","_et_pb_old_content":"","_et_gb_content_width":"","footnotes":""},"class_list":["post-16067","page","type-page","status-publish","hentry"],"acf":[],"yoast_head":"<!-- This site is optimized with the Yoast SEO plugin v26.8 - https:\/\/yoast.com\/product\/yoast-seo-wordpress\/ -->\n<title>Composicion Naut Aran 23 - 27 - Ajuntament de Naut Aran<\/title>\n<meta name=\"robots\" content=\"index, follow, max-snippet:-1, max-image-preview:large, max-video-preview:-1\" \/>\n<link rel=\"canonical\" href=\"https:\/\/www.nautaran.org\/es\/ayuntamiento\/corporacions-2023-2027\/composicion-naut-aran23-27\/\" \/>\n<meta property=\"og:locale\" content=\"es_ES\" \/>\n<meta property=\"og:type\" content=\"article\" \/>\n<meta property=\"og:title\" content=\"Composicion Naut Aran 23 - 27 - Ajuntament de Naut Aran\" \/>\n<meta property=\"og:description\" content=\"Composici\u00f3n Naut AranCesar Ruiz-Canela NietoAlcalde Gobernaci\u00f3n, Personal, Bienestar Social y Asistencia Social, Fiestas, Juventud, Ganader\u00eda, y Coordinador con las EMDAnna Geli Espa\u00f1a1\u00aa Teniente de alcalde Deportes, Turismo, Cultura e igualdadDavid Torres Alonso2\u00ba Teniente de alcalde Urbanismo, Obras y Nuevas Tecnolog\u00edasAndr\u00e9s Espa\u00f1a Consul3r Teniente de alcalde Medio Natural y Montes, Caza y Pesca, Agricultura y Ganader\u00eda, [&hellip;]\" \/>\n<meta property=\"og:url\" content=\"https:\/\/www.nautaran.org\/es\/ayuntamiento\/corporacions-2023-2027\/composicion-naut-aran23-27\/\" \/>\n<meta property=\"og:site_name\" content=\"Ajuntament de Naut Aran\" \/>\n<meta property=\"article:modified_time\" content=\"2026-04-07T12:06:32+00:00\" \/>\n<meta name=\"twitter:card\" content=\"summary_large_image\" \/>\n<meta name=\"twitter:label1\" content=\"Tiempo de lectura\" \/>\n\t<meta name=\"twitter:data1\" content=\"3 minutos\" \/>\n<script type=\"application\/ld+json\" class=\"yoast-schema-graph\">{\"@context\":\"https:\/\/schema.org\",\"@graph\":[{\"@type\":\"WebPage\",\"@id\":\"https:\/\/www.nautaran.org\/es\/ayuntamiento\/corporacions-2023-2027\/composicion-naut-aran23-27\/\",\"url\":\"https:\/\/www.nautaran.org\/es\/ayuntamiento\/corporacions-2023-2027\/composicion-naut-aran23-27\/\",\"name\":\"Composicion Naut Aran 23 - 27 - Ajuntament de Naut Aran\",\"isPartOf\":{\"@id\":\"https:\/\/www.nautaran.org\/#website\"},\"datePublished\":\"2023-07-17T08:55:23+00:00\",\"dateModified\":\"2026-04-07T12:06:32+00:00\",\"breadcrumb\":{\"@id\":\"https:\/\/www.nautaran.org\/es\/ayuntamiento\/corporacions-2023-2027\/composicion-naut-aran23-27\/#breadcrumb\"},\"inLanguage\":\"es\",\"potentialAction\":[{\"@type\":\"ReadAction\",\"target\":[\"https:\/\/www.nautaran.org\/es\/ayuntamiento\/corporacions-2023-2027\/composicion-naut-aran23-27\/\"]}]},{\"@type\":\"BreadcrumbList\",\"@id\":\"https:\/\/www.nautaran.org\/es\/ayuntamiento\/corporacions-2023-2027\/composicion-naut-aran23-27\/#breadcrumb\",\"itemListElement\":[{\"@type\":\"ListItem\",\"position\":1,\"name\":\"Portada\",\"item\":\"https:\/\/www.nautaran.org\/es\/home-2\/\"},{\"@type\":\"ListItem\",\"position\":2,\"name\":\"Ayuntamiento\",\"item\":\"https:\/\/www.nautaran.org\/es\/ayuntamiento\/\"},{\"@type\":\"ListItem\",\"position\":3,\"name\":\"Corporaciones 2023 - 2027\",\"item\":\"https:\/\/www.nautaran.org\/es\/ayuntamiento\/corporacions-2023-2027\/\"},{\"@type\":\"ListItem\",\"position\":4,\"name\":\"Composicion Naut Aran 23 - 27\"}]},{\"@type\":\"WebSite\",\"@id\":\"https:\/\/www.nautaran.org\/#website\",\"url\":\"https:\/\/www.nautaran.org\/\",\"name\":\"Ajuntament de Naut Aran\",\"description\":\"Naut Aran\",\"potentialAction\":[{\"@type\":\"SearchAction\",\"target\":{\"@type\":\"EntryPoint\",\"urlTemplate\":\"https:\/\/www.nautaran.org\/?s={search_term_string}\"},\"query-input\":{\"@type\":\"PropertyValueSpecification\",\"valueRequired\":true,\"valueName\":\"search_term_string\"}}],\"inLanguage\":\"es\"}]}<\/script>\n<!-- \/ Yoast SEO plugin. -->","yoast_head_json":{"title":"Composicion Naut Aran 23 - 27 - Ajuntament de Naut Aran","robots":{"index":"index","follow":"follow","max-snippet":"max-snippet:-1","max-image-preview":"max-image-preview:large","max-video-preview":"max-video-preview:-1"},"canonical":"https:\/\/www.nautaran.org\/es\/ayuntamiento\/corporacions-2023-2027\/composicion-naut-aran23-27\/","og_locale":"es_ES","og_type":"article","og_title":"Composicion Naut Aran 23 - 27 - Ajuntament de Naut Aran","og_description":"Composici\u00f3n Naut AranCesar Ruiz-Canela NietoAlcalde Gobernaci\u00f3n, Personal, Bienestar Social y Asistencia Social, Fiestas, Juventud, Ganader\u00eda, y Coordinador con las EMDAnna Geli Espa\u00f1a1\u00aa Teniente de alcalde Deportes, Turismo, Cultura e igualdadDavid Torres Alonso2\u00ba Teniente de alcalde Urbanismo, Obras y Nuevas Tecnolog\u00edasAndr\u00e9s Espa\u00f1a Consul3r Teniente de alcalde Medio Natural y Montes, Caza y Pesca, Agricultura y Ganader\u00eda, [&hellip;]","og_url":"https:\/\/www.nautaran.org\/es\/ayuntamiento\/corporacions-2023-2027\/composicion-naut-aran23-27\/","og_site_name":"Ajuntament de Naut Aran","article_modified_time":"2026-04-07T12:06:32+00:00","twitter_card":"summary_large_image","twitter_misc":{"Tiempo de lectura":"3 minutos"},"schema":{"@context":"https:\/\/schema.org","@graph":[{"@type":"WebPage","@id":"https:\/\/www.nautaran.org\/es\/ayuntamiento\/corporacions-2023-2027\/composicion-naut-aran23-27\/","url":"https:\/\/www.nautaran.org\/es\/ayuntamiento\/corporacions-2023-2027\/composicion-naut-aran23-27\/","name":"Composicion Naut Aran 23 - 27 - Ajuntament de Naut Aran","isPartOf":{"@id":"https:\/\/www.nautaran.org\/#website"},"datePublished":"2023-07-17T08:55:23+00:00","dateModified":"2026-04-07T12:06:32+00:00","breadcrumb":{"@id":"https:\/\/www.nautaran.org\/es\/ayuntamiento\/corporacions-2023-2027\/composicion-naut-aran23-27\/#breadcrumb"},"inLanguage":"es","potentialAction":[{"@type":"ReadAction","target":["https:\/\/www.nautaran.org\/es\/ayuntamiento\/corporacions-2023-2027\/composicion-naut-aran23-27\/"]}]},{"@type":"BreadcrumbList","@id":"https:\/\/www.nautaran.org\/es\/ayuntamiento\/corporacions-2023-2027\/composicion-naut-aran23-27\/#breadcrumb","itemListElement":[{"@type":"ListItem","position":1,"name":"Portada","item":"https:\/\/www.nautaran.org\/es\/home-2\/"},{"@type":"ListItem","position":2,"name":"Ayuntamiento","item":"https:\/\/www.nautaran.org\/es\/ayuntamiento\/"},{"@type":"ListItem","position":3,"name":"Corporaciones 2023 - 2027","item":"https:\/\/www.nautaran.org\/es\/ayuntamiento\/corporacions-2023-2027\/"},{"@type":"ListItem","position":4,"name":"Composicion Naut Aran 23 - 27"}]},{"@type":"WebSite","@id":"https:\/\/www.nautaran.org\/#website","url":"https:\/\/www.nautaran.org\/","name":"Ajuntament de Naut Aran","description":"Naut Aran","potentialAction":[{"@type":"SearchAction","target":{"@type":"EntryPoint","urlTemplate":"https:\/\/www.nautaran.org\/?s={search_term_string}"},"query-input":{"@type":"PropertyValueSpecification","valueRequired":true,"valueName":"search_term_string"}}],"inLanguage":"es"}]}},"_links":{"self":[{"href":"https:\/\/www.nautaran.org\/es\/wp-json\/wp\/v2\/pages\/16067","targetHints":{"allow":["GET"]}}],"collection":[{"href":"https:\/\/www.nautaran.org\/es\/wp-json\/wp\/v2\/pages"}],"about":[{"href":"https:\/\/www.nautaran.org\/es\/wp-json\/wp\/v2\/types\/page"}],"author":[{"embeddable":true,"href":"https:\/\/www.nautaran.org\/es\/wp-json\/wp\/v2\/users\/6"}],"replies":[{"embeddable":true,"href":"https:\/\/www.nautaran.org\/es\/wp-json\/wp\/v2\/comments?post=16067"}],"version-history":[{"count":13,"href":"https:\/\/www.nautaran.org\/es\/wp-json\/wp\/v2\/pages\/16067\/revisions"}],"predecessor-version":[{"id":25855,"href":"https:\/\/www.nautaran.org\/es\/wp-json\/wp\/v2\/pages\/16067\/revisions\/25855"}],"up":[{"embeddable":true,"href":"https:\/\/www.nautaran.org\/es\/wp-json\/wp\/v2\/pages\/16021"}],"wp:attachment":[{"href":"https:\/\/www.nautaran.org\/es\/wp-json\/wp\/v2\/media?parent=16067"}],"curies":[{"name":"wp","href":"https:\/\/api.w.org\/{rel}","templated":true}]}}